{"id":13727,"date":"2021-07-29T18:19:44","date_gmt":"2021-07-29T17:19:44","guid":{"rendered":"https:\/\/goldroof.pt\/property\/appartement-2-chambres-meuble-licence-touristique-bonfim-porto\/"},"modified":"2022-08-13T19:50:29","modified_gmt":"2022-08-13T18:50:29","slug":"appartement-2-chambres-meuble-licence-touristique-bonfim-porto","status":"publish","type":"property","link":"https:\/\/goldroof.pt\/fr\/property\/appartement-2-chambres-meuble-licence-touristique-bonfim-porto\/","title":{"rendered":"Appartement 2 chambres meubl\u00e9, licence touristique, Bonfim, Porto &#8211; VENDU"},"content":{"rendered":"\n<p>Accueillant, polyvalent et centralit\u00e9 sont quelques-uns des caract\u00e9ristiques de ce spacieux appartement 1 chambre transform\u00e9e en 2 chambres.<\/p>\n\n\n\n<p>Situ\u00e9 dans un quartier historique r\u00e9sidentiel, dans la zone centrale de la ville de Porto et \u00e0 proximit\u00e9 du Jardin du Marqu\u00eas de Pombal.<\/p>\n\n\n\n<p>Appartement situ\u00e9 dans une zone urbaine avec transport public \u00e0 la porte. Gare de m\u00e9tro \u00e0 environ de 300m. Hypermarch\u00e9s, centre commercial, th\u00e9\u00e2tres, \u00e9cole primaire et secondaire \u00e0 proximit\u00e9.<\/p>\n\n\n\n<p>Situ\u00e9 dans une zone touristique avec facilite d\u2019acc\u00e8s  aux points d\u2019int\u00e9r\u00eat essentiels de la ville de Porto, \u00e0 savoir la Gare de S. Bento, Avenue des Alli\u00e9s, S\u00e9 Cath\u00e9dral, Tours des Cl\u00e9rigos, March\u00e9 do Bolh\u00e3o, entre autres.<\/p>\n\n\n\n<p>L\u2019appartement, selon la disposition actuelle, se compose d\u2019un hall d\u2019entr\u00e9e avec armoires, cuisine enti\u00e8rement \u00e9quip\u00e9e, salle a diner et s\u00e9jour, salle de bains r\u00e9nov\u00e9e compl\u00e8te avec base de douche, deux chambres avec armoires. Toutes les divisions avec lumi\u00e8re du soleil. Remplacement du circuit hydraulique de plomberie.<\/p>\n\n\n\n<p>Possibilit\u00e9 de conversion facile de la configuration actuelle pour 1 chambre.<\/p>\n\n\n\n<p>Concernant les traces techniques de cette propri\u00e9t\u00e9, il \u00e1 accumulateur \u00e9lectrice pour le chauffage des eaux, parquet flottant dans les chambres et c\u00e9ramique dans les autres pi\u00e8ces, portes en bois, double cadre en aluminium avec verre simple. Direction solaire Nord. Le b\u00e2timent dispose d\u2019un ascenseur.<\/p>\n\n\n\n<p>L\u2019appartement dispose d\u2019un permis touristique pour d\u2019h\u00e9bergement local.<\/p>\n\n\n\n<p>Distance vers centre-ville de Porto &#8211; 1900m<\/p>\n\n\n\n<p>Distance vers \u00c9cole basic de Paranhos- 1500m<\/p>\n\n\n\n<p>Distance vers \u00c9cole Secondaire de Filipa de Vilhena &#8211; 1200m<\/p>\n\n\n\n<p>Distance vers H\u00f4pital Santa Maria &#8211; 750m<\/p>\n\n\n\n<p>Distance vers Gare de trais S\u00e3o Bento &#8211; 2100m<\/p>\n\n\n\n<p>Distance vers Quinta do Covelo &#8211; 950m<\/p>\n\n\n\n<p>Distance vers l\u2019autopiste VCI\/A20 &#8211; 2000m<\/p>\n\n\n\n<p>*<\/p>\n","protected":false},"excerpt":{"rendered":"<p>Accueillant, polyvalent et centralit\u00e9 sont quelques-uns des caract\u00e9ristiques de ce spacieux appartement 1 chambre transform\u00e9e en 2 chambres. Situ\u00e9 dans un quartier historique r\u00e9sidentiel, dans la zone centrale de la ville de Porto et \u00e0 proximit\u00e9 du Jardin du Marqu\u00eas de Pombal. Appartement situ\u00e9 dans une zone urbaine avec transport public \u00e0 la porte. Gare&#8230;<\/p>\n","protected":false},"author":1,"featured_media":13604,"parent":0,"menu_order":0,"comment_status":"open","ping_status":"closed","template":"","property-feature":[458,476,468,613,560,632,524,570,536,510,634,568,650,572,566,488],"property-type":[454,452],"property-city":[358,354,286],"property-status":[438],"class_list":["post-13727","property","type-property","status-publish","has-post-thumbnail","hentry","property-feature-appartements","property-feature-ascenseur","property-feature-balcon","property-feature-cadres-de-fenetre-double","property-feature-centre-ville","property-feature-four","property-feature-hall-dentree","property-feature-metro","property-feature-permis-dhebergement-local","property-feature-placards-integres","property-feature-plaque-de-cuisson-a-induction","property-feature-quartier-residentiel","property-feature-refrigerateur-encastrable","property-feature-train-fr","property-feature-transports-publics","property-feature-volets","property-type-appartement","property-type-residentiel","property-city-bonfim-fr","property-city-porto-fr","property-city-porto-district-fr","property-status-vendre"],"aioseo_notices":[],"property_meta":{"REAL_HOMES_property_price":"","REAL_HOMES_property_old_price":"","REAL_HOMES_property_price_prefix":"","REAL_HOMES_property_price_postfix":"","REAL_HOMES_property_size":"60,4","REAL_HOMES_property_size_postfix":"m2","REAL_HOMES_property_lot_size":"","REAL_HOMES_property_lot_size_postfix":"","REAL_HOMES_property_bedrooms":"2","REAL_HOMES_property_bathrooms":"1","REAL_HOMES_property_garage":"","REAL_HOMES_property_id":"RH-13727-property","REAL_HOMES_property_year_built":"1977","REAL_HOMES_featured":"0","REAL_HOMES_additional_details_list":[],"REAL_HOMES_property_location":{"latitude":"41.1594394","longitude":"-8.6010628","zoom":"17"},"REAL_HOMES_property_address":"Rua de Latino Coelho, Doze Casas, Bonfim, Porto, Norte, 4000-048, Portugal","REAL_HOMES_property_map":"","REAL_HOMES_property_images":[{"width":150,"height":150,"file":"2021\/07\/apartamento-t2-mobilado-licenca-al-bonfim-porto-oferta-escrituras\/A01-T1-Marques-scaled.jpg","sizes":{"medium":{"file":"A01-T1-Marques-300x169.jpg","width":300,"height":169,"mime-type":"image\/jpeg","url":"https:\/\/goldroof.pt\/wp-content\/uploads\/2021\/07\/apartamento-t2-mobilado-licenca-al-bonfim-porto-oferta-escrituras\/A01-T1-Marques-300x169.jpg"},"large":{"file":"A01-T1-Marques-1024x576.jpg","width":1024,"height":576,"mime-type":"image\/jpeg","url":"https:\/\/goldroof.pt\/wp-content\/uploads\/2021\/07\/apartamento-t2-mobilado-licenca-al-bonfim-porto-oferta-escrituras\/A01-T1-Marques-1024x576.jpg"},"thumbnail":{"file":"A01-T1-Marques-150x150.jpg","width":150,"height":150,"mime-type":"image\/jpeg","url":"https:\/\/goldroof.pt\/wp-content\/uploads\/2021\/07\/apartamento-t2-mobilado-licenca-al-bonfim-porto-oferta-escrituras\/A01-T1-Marques-150x150.jpg"},"medium_large":{"file":"A01-T1-Marques-768x432.jpg","width":768,"height":432,"mime-type":"image\/jpeg","url":"https:\/\/goldroof.pt\/wp-content\/uploads\/2021\/07\/apartamento-t2-mobilado-licenca-al-bonfim-porto-oferta-escrituras\/A01-T1-Marques-768x432.jpg"},"1536x1536":{"file":"A01-T1-Marques-1536x864.jpg","width":1536,"height":864,"mime-type":"image\/jpeg","url":"https:\/\/goldroof.pt\/wp-content\/uploads\/2021\/07\/apartamento-t2-mobilado-licenca-al-bonfim-porto-oferta-escrituras\/A01-T1-Marques-1536x864.jpg"},"2048x2048":{"file":"A01-T1-Marques-2048x1152.jpg","width":2048,"height":1152,"mime-type":"image\/jpeg","url":"https:\/\/goldroof.pt\/wp-content\/uploads\/2021\/07\/apartamento-t2-mobilado-licenca-al-bonfim-porto-oferta-escrituras\/A01-T1-Marques-2048x1152.jpg"},"post-thumbnail":{"file":"A01-T1-Marques-150x84.jpg","width":150,"height":84,"mime-type":"image\/jpeg","url":"https:\/\/goldroof.pt\/wp-content\/uploads\/2021\/07\/apartamento-t2-mobilado-licenca-al-bonfim-porto-oferta-escrituras\/A01-T1-Marques-150x84.jpg"},"modern-property-child-slider":{"file":"A01-T1-Marques-680x510.jpg","width":680,"height":510,"mime-type":"image\/jpeg","url":"https:\/\/goldroof.pt\/wp-content\/uploads\/2021\/07\/apartamento-t2-mobilado-licenca-al-bonfim-porto-oferta-escrituras\/A01-T1-Marques-680x510.jpg"},"property-thumb-image":{"file":"A01-T1-Marques-488x326.jpg","width":488,"height":326,"mime-type":"image\/jpeg","url":"https:\/\/goldroof.pt\/wp-content\/uploads\/2021\/07\/apartamento-t2-mobilado-licenca-al-bonfim-porto-oferta-escrituras\/A01-T1-Marques-488x326.jpg"},"property-detail-video-image":{"file":"A01-T1-Marques-818x417.jpg","width":818,"height":417,"mime-type":"image\/jpeg","url":"https:\/\/goldroof.pt\/wp-content\/uploads\/2021\/07\/apartamento-t2-mobilado-licenca-al-bonfim-porto-oferta-escrituras\/A01-T1-Marques-818x417.jpg"},"agent-image":{"file":"A01-T1-Marques-210x210.jpg","width":210,"height":210,"mime-type":"image\/jpeg","url":"https:\/\/goldroof.pt\/wp-content\/uploads\/2021\/07\/apartamento-t2-mobilado-licenca-al-bonfim-porto-oferta-escrituras\/A01-T1-Marques-210x210.jpg"},"partners-logo":{"file":"A01-T1-Marques-600x2592.jpg","width":600,"height":2592,"mime-type":"image\/jpeg","url":"https:\/\/goldroof.pt\/wp-content\/uploads\/2021\/07\/apartamento-t2-mobilado-licenca-al-bonfim-porto-oferta-escrituras\/A01-T1-Marques-600x2592.jpg"},"post-featured-image":{"file":"A01-T1-Marques-1240x720.jpg","width":1240,"height":720,"mime-type":"image\/jpeg","url":"https:\/\/goldroof.pt\/wp-content\/uploads\/2021\/07\/apartamento-t2-mobilado-licenca-al-bonfim-porto-oferta-escrituras\/A01-T1-Marques-1240x720.jpg"}},"image_meta":{"aperture":"7.1","credit":"JORGE OLIVEIRA","camera":"E-M10MarkII","caption":"T1 Marqu\u00eas","created_timestamp":"0","copyright":"GOLD ROOF RE&amp;F LDA","focal_length":"34","iso":"200","shutter_speed":"0.008","title":"T1 Marqu\u00eas","orientation":"0","keywords":[]},"original_image":"A01-T1-Marques.jpg","ID":"13592","name":"A01-T1-Marques-scaled.jpg","path":"\/home\/u836199612\/domains\/goldroof.pt\/public_html\/wp-content\/uploads\/2021\/07\/apartamento-t2-mobilado-licenca-al-bonfim-porto-oferta-escrituras\/A01-T1-Marques-scaled.jpg","url":"https:\/\/goldroof.pt\/wp-content\/uploads\/2021\/07\/apartamento-t2-mobilado-licenca-al-bonfim-porto-oferta-escrituras\/A01-T1-Marques-150x150.jpg","full_url":"https:\/\/goldroof.pt\/wp-content\/uploads\/2021\/07\/apartamento-t2-mobilado-licenca-al-bonfim-porto-oferta-escrituras\/A01-T1-Marques-scaled.jpg","title":"T1 Marqu\u00eas","caption":"T1 Marqu\u00eas","description":"","alt":"","srcset":"https:\/\/goldroof.pt\/wp-content\/uploads\/2021\/07\/apartamento-t2-mobilado-licenca-al-bonfim-porto-oferta-escrituras\/A01-T1-Marques-150x150.jpg 150w, https:\/\/goldroof.pt\/wp-content\/uploads\/2021\/07\/apartamento-t2-mobilado-licenca-al-bonfim-porto-oferta-escrituras\/A01-T1-Marques-210x210.jpg 210w"},{"width":150,"height":150,"file":"2021\/07\/apartamento-t2-mobilado-licenca-al-bonfim-porto-oferta-escrituras\/A02-T1-Marques-scaled.jpg","sizes":{"medium":{"file":"A02-T1-Marques-300x169.jpg","width":300,"height":169,"mime-type":"image\/jpeg","url":"https:\/\/goldroof.pt\/wp-content\/uploads\/2021\/07\/apartamento-t2-mobilado-licenca-al-bonfim-porto-oferta-escrituras\/A02-T1-Marques-300x169.jpg"},"large":{"file":"A02-T1-Marques-1024x576.jpg","width":1024,"height":576,"mime-type":"image\/jpeg","url":"https:\/\/goldroof.pt\/wp-content\/uploads\/2021\/07\/apartamento-t2-mobilado-licenca-al-bonfim-porto-oferta-escrituras\/A02-T1-Marques-1024x576.jpg"},"thumbnail":{"file":"A02-T1-Marques-150x150.jpg","width":150,"height":150,"mime-type":"image\/jpeg","url":"https:\/\/goldroof.pt\/wp-content\/uploads\/2021\/07\/apartamento-t2-mobilado-licenca-al-bonfim-porto-oferta-escrituras\/A02-T1-Marques-150x150.jpg"},"medium_large":{"file":"A02-T1-Marques-768x432.jpg","width":768,"height":432,"mime-type":"image\/jpeg","url":"https:\/\/goldroof.pt\/wp-content\/uploads\/2021\/07\/apartamento-t2-mobilado-licenca-al-bonfim-porto-oferta-escrituras\/A02-T1-Marques-768x432.jpg"},"1536x1536":{"file":"A02-T1-Marques-1536x864.jpg","width":1536,"height":864,"mime-type":"image\/jpeg","url":"https:\/\/goldroof.pt\/wp-content\/uploads\/2021\/07\/apartamento-t2-mobilado-licenca-al-bonfim-porto-oferta-escrituras\/A02-T1-Marques-1536x864.jpg"},"2048x2048":{"file":"A02-T1-Marques-2048x1152.jpg","width":2048,"height":1152,"mime-type":"image\/jpeg","url":"https:\/\/goldroof.pt\/wp-content\/uploads\/2021\/07\/apartamento-t2-mobilado-licenca-al-bonfim-porto-oferta-escrituras\/A02-T1-Marques-2048x1152.jpg"},"post-thumbnail":{"file":"A02-T1-Marques-150x84.jpg","width":150,"height":84,"mime-type":"image\/jpeg","url":"https:\/\/goldroof.pt\/wp-content\/uploads\/2021\/07\/apartamento-t2-mobilado-licenca-al-bonfim-porto-oferta-escrituras\/A02-T1-Marques-150x84.jpg"},"modern-property-child-slider":{"file":"A02-T1-Marques-680x510.jpg","width":680,"height":510,"mime-type":"image\/jpeg","url":"https:\/\/goldroof.pt\/wp-content\/uploads\/2021\/07\/apartamento-t2-mobilado-licenca-al-bonfim-porto-oferta-escrituras\/A02-T1-Marques-680x510.jpg"},"property-thumb-image":{"file":"A02-T1-Marques-488x326.jpg","width":488,"height":326,"mime-type":"image\/jpeg","url":"https:\/\/goldroof.pt\/wp-content\/uploads\/2021\/07\/apartamento-t2-mobilado-licenca-al-bonfim-porto-oferta-escrituras\/A02-T1-Marques-488x326.jpg"},"property-detail-video-image":{"file":"A02-T1-Marques-818x417.jpg","width":818,"height":417,"mime-type":"image\/jpeg","url":"https:\/\/goldroof.pt\/wp-content\/uploads\/2021\/07\/apartamento-t2-mobilado-licenca-al-bonfim-porto-oferta-escrituras\/A02-T1-Marques-818x417.jpg"},"agent-image":{"file":"A02-T1-Marques-210x210.jpg","width":210,"height":210,"mime-type":"image\/jpeg","url":"https:\/\/goldroof.pt\/wp-content\/uploads\/2021\/07\/apartamento-t2-mobilado-licenca-al-bonfim-porto-oferta-escrituras\/A02-T1-Marques-210x210.jpg"},"partners-logo":{"file":"A02-T1-Marques-600x2592.jpg","width":600,"height":2592,"mime-type":"image\/jpeg","url":"https:\/\/goldroof.pt\/wp-content\/uploads\/2021\/07\/apartamento-t2-mobilado-licenca-al-bonfim-porto-oferta-escrituras\/A02-T1-Marques-600x2592.jpg"},"post-featured-image":{"file":"A02-T1-Marques-1240x720.jpg","width":1240,"height":720,"mime-type":"image\/jpeg","url":"https:\/\/goldroof.pt\/wp-content\/uploads\/2021\/07\/apartamento-t2-mobilado-licenca-al-bonfim-porto-oferta-escrituras\/A02-T1-Marques-1240x720.jpg"}},"image_meta":{"aperture":"3.5","credit":"JORGE OLIVEIRA","camera":"E-M10MarkII","caption":"T1 Marqu\u00eas","created_timestamp":"0","copyright":"GOLD ROOF RE&amp;F LDA","focal_length":"14","iso":"200","shutter_speed":"0.1","title":"T1 Marqu\u00eas","orientation":"0","keywords":[]},"original_image":"A02-T1-Marques.jpg","ID":"13595","name":"A02-T1-Marques-scaled.jpg","path":"\/home\/u836199612\/domains\/goldroof.pt\/public_html\/wp-content\/uploads\/2021\/07\/apartamento-t2-mobilado-licenca-al-bonfim-porto-oferta-escrituras\/A02-T1-Marques-scaled.jpg","url":"https:\/\/goldroof.pt\/wp-content\/uploads\/2021\/07\/apartamento-t2-mobilado-licenca-al-bonfim-porto-oferta-escrituras\/A02-T1-Marques-150x150.jpg","full_url":"https:\/\/goldroof.pt\/wp-content\/uploads\/2021\/07\/apartamento-t2-mobilado-licenca-al-bonfim-porto-oferta-escrituras\/A02-T1-Marques-scaled.jpg","title":"T1 Marqu\u00eas","caption":"T1 Marqu\u00eas","description":"","alt":"","srcset":"https:\/\/goldroof.pt\/wp-content\/uploads\/2021\/07\/apartamento-t2-mobilado-licenca-al-bonfim-porto-oferta-escrituras\/A02-T1-Marques-150x150.jpg 150w, https:\/\/goldroof.pt\/wp-content\/uploads\/2021\/07\/apartamento-t2-mobilado-licenca-al-bonfim-porto-oferta-escrituras\/A02-T1-Marques-210x210.jpg 210w"},{"width":150,"height":150,"file":"2021\/07\/apartamento-t2-mobilado-licenca-al-bonfim-porto-oferta-escrituras\/A03-T1-Marques-scaled.jpg","sizes":{"medium":{"file":"A03-T1-Marques-300x169.jpg","width":300,"height":169,"mime-type":"image\/jpeg","url":"https:\/\/goldroof.pt\/wp-content\/uploads\/2021\/07\/apartamento-t2-mobilado-licenca-al-bonfim-porto-oferta-escrituras\/A03-T1-Marques-300x169.jpg"},"large":{"file":"A03-T1-Marques-1024x576.jpg","width":1024,"height":576,"mime-type":"image\/jpeg","url":"https:\/\/goldroof.pt\/wp-content\/uploads\/2021\/07\/apartamento-t2-mobilado-licenca-al-bonfim-porto-oferta-escrituras\/A03-T1-Marques-1024x576.jpg"},"thumbnail":{"file":"A03-T1-Marques-150x150.jpg","width":150,"height":150,"mime-type":"image\/jpeg","url":"https:\/\/goldroof.pt\/wp-content\/uploads\/2021\/07\/apartamento-t2-mobilado-licenca-al-bonfim-porto-oferta-escrituras\/A03-T1-Marques-150x150.jpg"},"medium_large":{"file":"A03-T1-Marques-768x432.jpg","width":768,"height":432,"mime-type":"image\/jpeg","url":"https:\/\/goldroof.pt\/wp-content\/uploads\/2021\/07\/apartamento-t2-mobilado-licenca-al-bonfim-porto-oferta-escrituras\/A03-T1-Marques-768x432.jpg"},"1536x1536":{"file":"A03-T1-Marques-1536x864.jpg","width":1536,"height":864,"mime-type":"image\/jpeg","url":"https:\/\/goldroof.pt\/wp-content\/uploads\/2021\/07\/apartamento-t2-mobilado-licenca-al-bonfim-porto-oferta-escrituras\/A03-T1-Marques-1536x864.jpg"},"2048x2048":{"file":"A03-T1-Marques-2048x1152.jpg","width":2048,"height":1152,"mime-type":"image\/jpeg","url":"https:\/\/goldroof.pt\/wp-content\/uploads\/2021\/07\/apartamento-t2-mobilado-licenca-al-bonfim-porto-oferta-escrituras\/A03-T1-Marques-2048x1152.jpg"},"post-thumbnail":{"file":"A03-T1-Marques-150x84.jpg","width":150,"height":84,"mime-type":"image\/jpeg","url":"https:\/\/goldroof.pt\/wp-content\/uploads\/2021\/07\/apartamento-t2-mobilado-licenca-al-bonfim-porto-oferta-escrituras\/A03-T1-Marques-150x84.jpg"},"modern-property-child-slider":{"file":"A03-T1-Marques-680x510.jpg","width":680,"height":510,"mime-type":"image\/jpeg","url":"https:\/\/goldroof.pt\/wp-content\/uploads\/2021\/07\/apartamento-t2-mobilado-licenca-al-bonfim-porto-oferta-escrituras\/A03-T1-Marques-680x510.jpg"},"property-thumb-image":{"file":"A03-T1-Marques-488x326.jpg","width":488,"height":326,"mime-type":"image\/jpeg","url":"https:\/\/goldroof.pt\/wp-content\/uploads\/2021\/07\/apartamento-t2-mobilado-licenca-al-bonfim-porto-oferta-escrituras\/A03-T1-Marques-488x326.jpg"},"property-detail-video-image":{"file":"A03-T1-Marques-818x417.jpg","width":818,"height":417,"mime-type":"image\/jpeg","url":"https:\/\/goldroof.pt\/wp-content\/uploads\/2021\/07\/apartamento-t2-mobilado-licenca-al-bonfim-porto-oferta-escrituras\/A03-T1-Marques-818x417.jpg"},"agent-image":{"file":"A03-T1-Marques-210x210.jpg","width":210,"height":210,"mime-type":"image\/jpeg","url":"https:\/\/goldroof.pt\/wp-content\/uploads\/2021\/07\/apartamento-t2-mobilado-licenca-al-bonfim-porto-oferta-escrituras\/A03-T1-Marques-210x210.jpg"},"partners-logo":{"file":"A03-T1-Marques-600x2592.jpg","width":600,"height":2592,"mime-type":"image\/jpeg","url":"https:\/\/goldroof.pt\/wp-content\/uploads\/2021\/07\/apartamento-t2-mobilado-licenca-al-bonfim-porto-oferta-escrituras\/A03-T1-Marques-600x2592.jpg"},"post-featured-image":{"file":"A03-T1-Marques-1240x720.jpg","width":1240,"height":720,"mime-type":"image\/jpeg","url":"https:\/\/goldroof.pt\/wp-content\/uploads\/2021\/07\/apartamento-t2-mobilado-licenca-al-bonfim-porto-oferta-escrituras\/A03-T1-Marques-1240x720.jpg"}},"image_meta":{"aperture":"3.5","credit":"JORGE OLIVEIRA","camera":"E-M10MarkII","caption":"T1 Marqu\u00eas","created_timestamp":"0","copyright":"GOLD ROOF RE&amp;F LDA","focal_length":"14","iso":"200","shutter_speed":"0.05","title":"T1 Marqu\u00eas","orientation":"0","keywords":[]},"original_image":"A03-T1-Marques.jpg","ID":"13598","name":"A03-T1-Marques-scaled.jpg","path":"\/home\/u836199612\/domains\/goldroof.pt\/public_html\/wp-content\/uploads\/2021\/07\/apartamento-t2-mobilado-licenca-al-bonfim-porto-oferta-escrituras\/A03-T1-Marques-scaled.jpg","url":"https:\/\/goldroof.pt\/wp-content\/uploads\/2021\/07\/apartamento-t2-mobilado-licenca-al-bonfim-porto-oferta-escrituras\/A03-T1-Marques-150x150.jpg","full_url":"https:\/\/goldroof.pt\/wp-content\/uploads\/2021\/07\/apartamento-t2-mobilado-licenca-al-bonfim-porto-oferta-escrituras\/A03-T1-Marques-scaled.jpg","title":"T1 Marqu\u00eas","caption":"T1 Marqu\u00eas","description":"","alt":"","srcset":"https:\/\/goldroof.pt\/wp-content\/uploads\/2021\/07\/apartamento-t2-mobilado-licenca-al-bonfim-porto-oferta-escrituras\/A03-T1-Marques-150x150.jpg 150w, https:\/\/goldroof.pt\/wp-content\/uploads\/2021\/07\/apartamento-t2-mobilado-licenca-al-bonfim-porto-oferta-escrituras\/A03-T1-Marques-210x210.jpg 210w"},{"width":150,"height":150,"file":"2021\/07\/apartamento-t2-mobilado-licenca-al-bonfim-porto-oferta-escrituras\/A04-T1-Marques-scaled.jpg","sizes":{"medium":{"file":"A04-T1-Marques-300x169.jpg","width":300,"height":169,"mime-type":"image\/jpeg","url":"https:\/\/goldroof.pt\/wp-content\/uploads\/2021\/07\/apartamento-t2-mobilado-licenca-al-bonfim-porto-oferta-escrituras\/A04-T1-Marques-300x169.jpg"},"large":{"file":"A04-T1-Marques-1024x576.jpg","width":1024,"height":576,"mime-type":"image\/jpeg","url":"https:\/\/goldroof.pt\/wp-content\/uploads\/2021\/07\/apartamento-t2-mobilado-licenca-al-bonfim-porto-oferta-escrituras\/A04-T1-Marques-1024x576.jpg"},"thumbnail":{"file":"A04-T1-Marques-150x150.jpg","width":150,"height":150,"mime-type":"image\/jpeg","url":"https:\/\/goldroof.pt\/wp-content\/uploads\/2021\/07\/apartamento-t2-mobilado-licenca-al-bonfim-porto-oferta-escrituras\/A04-T1-Marques-150x150.jpg"},"medium_large":{"file":"A04-T1-Marques-768x432.jpg","width":768,"height":432,"mime-type":"image\/jpeg","url":"https:\/\/goldroof.pt\/wp-content\/uploads\/2021\/07\/apartamento-t2-mobilado-licenca-al-bonfim-porto-oferta-escrituras\/A04-T1-Marques-768x432.jpg"},"1536x1536":{"file":"A04-T1-Marques-1536x864.jpg","width":1536,"height":864,"mime-type":"image\/jpeg","url":"https:\/\/goldroof.pt\/wp-content\/uploads\/2021\/07\/apartamento-t2-mobilado-licenca-al-bonfim-porto-oferta-escrituras\/A04-T1-Marques-1536x864.jpg"},"2048x2048":{"file":"A04-T1-Marques-2048x1152.jpg","width":2048,"height":1152,"mime-type":"image\/jpeg","url":"https:\/\/goldroof.pt\/wp-content\/uploads\/2021\/07\/apartamento-t2-mobilado-licenca-al-bonfim-porto-oferta-escrituras\/A04-T1-Marques-2048x1152.jpg"},"post-thumbnail":{"file":"A04-T1-Marques-150x84.jpg","width":150,"height":84,"mime-type":"image\/jpeg","url":"https:\/\/goldroof.pt\/wp-content\/uploads\/2021\/07\/apartamento-t2-mobilado-licenca-al-bonfim-porto-oferta-escrituras\/A04-T1-Marques-150x84.jpg"},"modern-property-child-slider":{"file":"A04-T1-Marques-680x510.jpg","width":680,"height":510,"mime-type":"image\/jpeg","url":"https:\/\/goldroof.pt\/wp-content\/uploads\/2021\/07\/apartamento-t2-mobilado-licenca-al-bonfim-porto-oferta-escrituras\/A04-T1-Marques-680x510.jpg"},"property-thumb-image":{"file":"A04-T1-Marques-488x326.jpg","width":488,"height":326,"mime-type":"image\/jpeg","url":"https:\/\/goldroof.pt\/wp-content\/uploads\/2021\/07\/apartamento-t2-mobilado-licenca-al-bonfim-porto-oferta-escrituras\/A04-T1-Marques-488x326.jpg"},"property-detail-video-image":{"file":"A04-T1-Marques-818x417.jpg","width":818,"height":417,"mime-type":"image\/jpeg","url":"https:\/\/goldroof.pt\/wp-content\/uploads\/2021\/07\/apartamento-t2-mobilado-licenca-al-bonfim-porto-oferta-escrituras\/A04-T1-Marques-818x417.jpg"},"agent-image":{"file":"A04-T1-Marques-210x210.jpg","width":210,"height":210,"mime-type":"image\/jpeg","url":"https:\/\/goldroof.pt\/wp-content\/uploads\/2021\/07\/apartamento-t2-mobilado-licenca-al-bonfim-porto-oferta-escrituras\/A04-T1-Marques-210x210.jpg"},"partners-logo":{"file":"A04-T1-Marques-600x2592.jpg","width":600,"height":2592,"mime-type":"image\/jpeg","url":"https:\/\/goldroof.pt\/wp-content\/uploads\/2021\/07\/apartamento-t2-mobilado-licenca-al-bonfim-porto-oferta-escrituras\/A04-T1-Marques-600x2592.jpg"},"post-featured-image":{"file":"A04-T1-Marques-1240x720.jpg","width":1240,"height":720,"mime-type":"image\/jpeg","url":"https:\/\/goldroof.pt\/wp-content\/uploads\/2021\/07\/apartamento-t2-mobilado-licenca-al-bonfim-porto-oferta-escrituras\/A04-T1-Marques-1240x720.jpg"}},"image_meta":{"aperture":"3.5","credit":"JORGE OLIVEIRA","camera":"E-M10MarkII","caption":"T1 Marqu\u00eas","created_timestamp":"0","copyright":"GOLD ROOF RE&amp;F LDA","focal_length":"14","iso":"200","shutter_speed":"0.05","title":"T1 Marqu\u00eas","orientation":"0","keywords":[]},"original_image":"A04-T1-Marques.jpg","ID":"13601","name":"A04-T1-Marques-scaled.jpg","path":"\/home\/u836199612\/domains\/goldroof.pt\/public_html\/wp-content\/uploads\/2021\/07\/apartamento-t2-mobilado-licenca-al-bonfim-porto-oferta-escrituras\/A04-T1-Marques-scaled.jpg","url":"https:\/\/goldroof.pt\/wp-content\/uploads\/2021\/07\/apartamento-t2-mobilado-licenca-al-bonfim-porto-oferta-escrituras\/A04-T1-Marques-150x150.jpg","full_url":"https:\/\/goldroof.pt\/wp-content\/uploads\/2021\/07\/apartamento-t2-mobilado-licenca-al-bonfim-porto-oferta-escrituras\/A04-T1-Marques-scaled.jpg","title":"T1 Marqu\u00eas","caption":"T1 Marqu\u00eas","description":"","alt":"","srcset":"https:\/\/goldroof.pt\/wp-content\/uploads\/2021\/07\/apartamento-t2-mobilado-licenca-al-bonfim-porto-oferta-escrituras\/A04-T1-Marques-150x150.jpg 150w, https:\/\/goldroof.pt\/wp-content\/uploads\/2021\/07\/apartamento-t2-mobilado-licenca-al-bonfim-porto-oferta-escrituras\/A04-T1-Marques-210x210.jpg 210w"},{"width":150,"height":150,"file":"2021\/07\/apartamento-t2-mobilado-licenca-al-bonfim-porto-oferta-escrituras\/A05-T1-Marques-scaled.jpg","sizes":{"medium":{"file":"A05-T1-Marques-300x169.jpg","width":300,"height":169,"mime-type":"image\/jpeg","url":"https:\/\/goldroof.pt\/wp-content\/uploads\/2021\/07\/apartamento-t2-mobilado-licenca-al-bonfim-porto-oferta-escrituras\/A05-T1-Marques-300x169.jpg"},"large":{"file":"A05-T1-Marques-1024x576.jpg","width":1024,"height":576,"mime-type":"image\/jpeg","url":"https:\/\/goldroof.pt\/wp-content\/uploads\/2021\/07\/apartamento-t2-mobilado-licenca-al-bonfim-porto-oferta-escrituras\/A05-T1-Marques-1024x576.jpg"},"thumbnail":{"file":"A05-T1-Marques-150x150.jpg","width":150,"height":150,"mime-type":"image\/jpeg","url":"https:\/\/goldroof.pt\/wp-content\/uploads\/2021\/07\/apartamento-t2-mobilado-licenca-al-bonfim-porto-oferta-escrituras\/A05-T1-Marques-150x150.jpg"},"medium_large":{"file":"A05-T1-Marques-768x432.jpg","width":768,"height":432,"mime-type":"image\/jpeg","url":"https:\/\/goldroof.pt\/wp-content\/uploads\/2021\/07\/apartamento-t2-mobilado-licenca-al-bonfim-porto-oferta-escrituras\/A05-T1-Marques-768x432.jpg"},"1536x1536":{"file":"A05-T1-Marques-1536x864.jpg","width":1536,"height":864,"mime-type":"image\/jpeg","url":"https:\/\/goldroof.pt\/wp-content\/uploads\/2021\/07\/apartamento-t2-mobilado-licenca-al-bonfim-porto-oferta-escrituras\/A05-T1-Marques-1536x864.jpg"},"2048x2048":{"file":"A05-T1-Marques-2048x1152.jpg","width":2048,"height":1152,"mime-type":"image\/jpeg","url":"https:\/\/goldroof.pt\/wp-content\/uploads\/2021\/07\/apartamento-t2-mobilado-licenca-al-bonfim-porto-oferta-escrituras\/A05-T1-Marques-2048x1152.jpg"},"post-thumbnail":{"file":"A05-T1-Marques-150x84.jpg","width":150,"height":84,"mime-type":"image\/jpeg","url":"https:\/\/goldroof.pt\/wp-content\/uploads\/2021\/07\/apartamento-t2-mobilado-licenca-al-bonfim-porto-oferta-escrituras\/A05-T1-Marques-150x84.jpg"},"modern-property-child-slider":{"file":"A05-T1-Marques-680x510.jpg","width":680,"height":510,"mime-type":"image\/jpeg","url":"https:\/\/goldroof.pt\/wp-content\/uploads\/2021\/07\/apartamento-t2-mobilado-licenca-al-bonfim-porto-oferta-escrituras\/A05-T1-Marques-680x510.jpg"},"property-thumb-image":{"file":"A05-T1-Marques-488x326.jpg","width":488,"height":326,"mime-type":"image\/jpeg","url":"https:\/\/goldroof.pt\/wp-content\/uploads\/2021\/07\/apartamento-t2-mobilado-licenca-al-bonfim-porto-oferta-escrituras\/A05-T1-Marques-488x326.jpg"},"property-detail-video-image":{"file":"A05-T1-Marques-818x417.jpg","width":818,"height":417,"mime-type":"image\/jpeg","url":"https:\/\/goldroof.pt\/wp-content\/uploads\/2021\/07\/apartamento-t2-mobilado-licenca-al-bonfim-porto-oferta-escrituras\/A05-T1-Marques-818x417.jpg"},"agent-image":{"file":"A05-T1-Marques-210x210.jpg","width":210,"height":210,"mime-type":"image\/jpeg","url":"https:\/\/goldroof.pt\/wp-content\/uploads\/2021\/07\/apartamento-t2-mobilado-licenca-al-bonfim-porto-oferta-escrituras\/A05-T1-Marques-210x210.jpg"},"partners-logo":{"file":"A05-T1-Marques-600x2592.jpg","width":600,"height":2592,"mime-type":"image\/jpeg","url":"https:\/\/goldroof.pt\/wp-content\/uploads\/2021\/07\/apartamento-t2-mobilado-licenca-al-bonfim-porto-oferta-escrituras\/A05-T1-Marques-600x2592.jpg"},"post-featured-image":{"file":"A05-T1-Marques-1240x720.jpg","width":1240,"height":720,"mime-type":"image\/jpeg","url":"https:\/\/goldroof.pt\/wp-content\/uploads\/2021\/07\/apartamento-t2-mobilado-licenca-al-bonfim-porto-oferta-escrituras\/A05-T1-Marques-1240x720.jpg"}},"image_meta":{"aperture":"4","credit":"JORGE OLIVEIRA","camera":"E-M10MarkII","caption":"T1 Marqu\u00eas","created_timestamp":"0","copyright":"GOLD ROOF RE&amp;F LDA","focal_length":"14","iso":"200","shutter_speed":"0.01","title":"T1 Marqu\u00eas","orientation":"0","keywords":[]},"original_image":"A05-T1-Marques.jpg","ID":"13604","name":"A05-T1-Marques-scaled.jpg","path":"\/home\/u836199612\/domains\/goldroof.pt\/public_html\/wp-content\/uploads\/2021\/07\/apartamento-t2-mobilado-licenca-al-bonfim-porto-oferta-escrituras\/A05-T1-Marques-scaled.jpg","url":"https:\/\/goldroof.pt\/wp-content\/uploads\/2021\/07\/apartamento-t2-mobilado-licenca-al-bonfim-porto-oferta-escrituras\/A05-T1-Marques-150x150.jpg","full_url":"https:\/\/goldroof.pt\/wp-content\/uploads\/2021\/07\/apartamento-t2-mobilado-licenca-al-bonfim-porto-oferta-escrituras\/A05-T1-Marques-scaled.jpg","title":"T1 Marqu\u00eas","caption":"T1 Marqu\u00eas","description":"","alt":"","srcset":"https:\/\/goldroof.pt\/wp-content\/uploads\/2021\/07\/apartamento-t2-mobilado-licenca-al-bonfim-porto-oferta-escrituras\/A05-T1-Marques-150x150.jpg 150w, https:\/\/goldroof.pt\/wp-content\/uploads\/2021\/07\/apartamento-t2-mobilado-licenca-al-bonfim-porto-oferta-escrituras\/A05-T1-Marques-210x210.jpg 210w"},{"width":150,"height":150,"file":"2021\/07\/apartamento-t2-mobilado-licenca-al-bonfim-porto-oferta-escrituras\/A06-T1-Marques-scaled.jpg","sizes":{"medium":{"file":"A06-T1-Marques-300x169.jpg","width":300,"height":169,"mime-type":"image\/jpeg","url":"https:\/\/goldroof.pt\/wp-content\/uploads\/2021\/07\/apartamento-t2-mobilado-licenca-al-bonfim-porto-oferta-escrituras\/A06-T1-Marques-300x169.jpg"},"large":{"file":"A06-T1-Marques-1024x576.jpg","width":1024,"height":576,"mime-type":"image\/jpeg","url":"https:\/\/goldroof.pt\/wp-content\/uploads\/2021\/07\/apartamento-t2-mobilado-licenca-al-bonfim-porto-oferta-escrituras\/A06-T1-Marques-1024x576.jpg"},"thumbnail":{"file":"A06-T1-Marques-150x150.jpg","width":150,"height":150,"mime-type":"image\/jpeg","url":"https:\/\/goldroof.pt\/wp-content\/uploads\/2021\/07\/apartamento-t2-mobilado-licenca-al-bonfim-porto-oferta-escrituras\/A06-T1-Marques-150x150.jpg"},"medium_large":{"file":"A06-T1-Marques-768x432.jpg","width":768,"height":432,"mime-type":"image\/jpeg","url":"https:\/\/goldroof.pt\/wp-content\/uploads\/2021\/07\/apartamento-t2-mobilado-licenca-al-bonfim-porto-oferta-escrituras\/A06-T1-Marques-768x432.jpg"},"1536x1536":{"file":"A06-T1-Marques-1536x864.jpg","width":1536,"height":864,"mime-type":"image\/jpeg","url":"https:\/\/goldroof.pt\/wp-content\/uploads\/2021\/07\/apartamento-t2-mobilado-licenca-al-bonfim-porto-oferta-escrituras\/A06-T1-Marques-1536x864.jpg"},"2048x2048":{"file":"A06-T1-Marques-2048x1152.jpg","width":2048,"height":1152,"mime-type":"image\/jpeg","url":"https:\/\/goldroof.pt\/wp-content\/uploads\/2021\/07\/apartamento-t2-mobilado-licenca-al-bonfim-porto-oferta-escrituras\/A06-T1-Marques-2048x1152.jpg"},"post-thumbnail":{"file":"A06-T1-Marques-150x84.jpg","width":150,"height":84,"mime-type":"image\/jpeg","url":"https:\/\/goldroof.pt\/wp-content\/uploads\/2021\/07\/apartamento-t2-mobilado-licenca-al-bonfim-porto-oferta-escrituras\/A06-T1-Marques-150x84.jpg"},"modern-property-child-slider":{"file":"A06-T1-Marques-680x510.jpg","width":680,"height":510,"mime-type":"image\/jpeg","url":"https:\/\/goldroof.pt\/wp-content\/uploads\/2021\/07\/apartamento-t2-mobilado-licenca-al-bonfim-porto-oferta-escrituras\/A06-T1-Marques-680x510.jpg"},"property-thumb-image":{"file":"A06-T1-Marques-488x326.jpg","width":488,"height":326,"mime-type":"image\/jpeg","url":"https:\/\/goldroof.pt\/wp-content\/uploads\/2021\/07\/apartamento-t2-mobilado-licenca-al-bonfim-porto-oferta-escrituras\/A06-T1-Marques-488x326.jpg"},"property-detail-video-image":{"file":"A06-T1-Marques-818x417.jpg","width":818,"height":417,"mime-type":"image\/jpeg","url":"https:\/\/goldroof.pt\/wp-content\/uploads\/2021\/07\/apartamento-t2-mobilado-licenca-al-bonfim-porto-oferta-escrituras\/A06-T1-Marques-818x417.jpg"},"agent-image":{"file":"A06-T1-Marques-210x210.jpg","width":210,"height":210,"mime-type":"image\/jpeg","url":"https:\/\/goldroof.pt\/wp-content\/uploads\/2021\/07\/apartamento-t2-mobilado-licenca-al-bonfim-porto-oferta-escrituras\/A06-T1-Marques-210x210.jpg"},"partners-logo":{"file":"A06-T1-Marques-600x2592.jpg","width":600,"height":2592,"mime-type":"image\/jpeg","url":"https:\/\/goldroof.pt\/wp-content\/uploads\/2021\/07\/apartamento-t2-mobilado-licenca-al-bonfim-porto-oferta-escrituras\/A06-T1-Marques-600x2592.jpg"},"post-featured-image":{"file":"A06-T1-Marques-1240x720.jpg","width":1240,"height":720,"mime-type":"image\/jpeg","url":"https:\/\/goldroof.pt\/wp-content\/uploads\/2021\/07\/apartamento-t2-mobilado-licenca-al-bonfim-porto-oferta-escrituras\/A06-T1-Marques-1240x720.jpg"}},"image_meta":{"aperture":"5.6","credit":"JORGE OLIVEIRA","camera":"E-M10MarkII","caption":"T1 Marqu\u00eas","created_timestamp":"0","copyright":"GOLD ROOF RE&amp;F LDA","focal_length":"14","iso":"200","shutter_speed":"0.005","title":"T1 Marqu\u00eas","orientation":"0","keywords":[]},"original_image":"A06-T1-Marques.jpg","ID":"13607","name":"A06-T1-Marques-scaled.jpg","path":"\/home\/u836199612\/domains\/goldroof.pt\/public_html\/wp-content\/uploads\/2021\/07\/apartamento-t2-mobilado-licenca-al-bonfim-porto-oferta-escrituras\/A06-T1-Marques-scaled.jpg","url":"https:\/\/goldroof.pt\/wp-content\/uploads\/2021\/07\/apartamento-t2-mobilado-licenca-al-bonfim-porto-oferta-escrituras\/A06-T1-Marques-150x150.jpg","full_url":"https:\/\/goldroof.pt\/wp-content\/uploads\/2021\/07\/apartamento-t2-mobilado-licenca-al-bonfim-porto-oferta-escrituras\/A06-T1-Marques-scaled.jpg","title":"T1 Marqu\u00eas","caption":"T1 Marqu\u00eas","description":"","alt":"","srcset":"https:\/\/goldroof.pt\/wp-content\/uploads\/2021\/07\/apartamento-t2-mobilado-licenca-al-bonfim-porto-oferta-escrituras\/A06-T1-Marques-150x150.jpg 150w, https:\/\/goldroof.pt\/wp-content\/uploads\/2021\/07\/apartamento-t2-mobilado-licenca-al-bonfim-porto-oferta-escrituras\/A06-T1-Marques-210x210.jpg 210w"},{"width":150,"height":150,"file":"2021\/07\/apartamento-t2-mobilado-licenca-al-bonfim-porto-oferta-escrituras\/A07-T1-Marques-scaled.jpg","sizes":{"medium":{"file":"A07-T1-Marques-300x169.jpg","width":300,"height":169,"mime-type":"image\/jpeg","url":"https:\/\/goldroof.pt\/wp-content\/uploads\/2021\/07\/apartamento-t2-mobilado-licenca-al-bonfim-porto-oferta-escrituras\/A07-T1-Marques-300x169.jpg"},"large":{"file":"A07-T1-Marques-1024x576.jpg","width":1024,"height":576,"mime-type":"image\/jpeg","url":"https:\/\/goldroof.pt\/wp-content\/uploads\/2021\/07\/apartamento-t2-mobilado-licenca-al-bonfim-porto-oferta-escrituras\/A07-T1-Marques-1024x576.jpg"},"thumbnail":{"file":"A07-T1-Marques-150x150.jpg","width":150,"height":150,"mime-type":"image\/jpeg","url":"https:\/\/goldroof.pt\/wp-content\/uploads\/2021\/07\/apartamento-t2-mobilado-licenca-al-bonfim-porto-oferta-escrituras\/A07-T1-Marques-150x150.jpg"},"medium_large":{"file":"A07-T1-Marques-768x432.jpg","width":768,"height":432,"mime-type":"image\/jpeg","url":"https:\/\/goldroof.pt\/wp-content\/uploads\/2021\/07\/apartamento-t2-mobilado-licenca-al-bonfim-porto-oferta-escrituras\/A07-T1-Marques-768x432.jpg"},"1536x1536":{"file":"A07-T1-Marques-1536x864.jpg","width":1536,"height":864,"mime-type":"image\/jpeg","url":"https:\/\/goldroof.pt\/wp-content\/uploads\/2021\/07\/apartamento-t2-mobilado-licenca-al-bonfim-porto-oferta-escrituras\/A07-T1-Marques-1536x864.jpg"},"2048x2048":{"file":"A07-T1-Marques-2048x1152.jpg","width":2048,"height":1152,"mime-type":"image\/jpeg","url":"https:\/\/goldroof.pt\/wp-content\/uploads\/2021\/07\/apartamento-t2-mobilado-licenca-al-bonfim-porto-oferta-escrituras\/A07-T1-Marques-2048x1152.jpg"},"post-thumbnail":{"file":"A07-T1-Marques-150x84.jpg","width":150,"height":84,"mime-type":"image\/jpeg","url":"https:\/\/goldroof.pt\/wp-content\/uploads\/2021\/07\/apartamento-t2-mobilado-licenca-al-bonfim-porto-oferta-escrituras\/A07-T1-Marques-150x84.jpg"},"modern-property-child-slider":{"file":"A07-T1-Marques-680x510.jpg","width":680,"height":510,"mime-type":"image\/jpeg","url":"https:\/\/goldroof.pt\/wp-content\/uploads\/2021\/07\/apartamento-t2-mobilado-licenca-al-bonfim-porto-oferta-escrituras\/A07-T1-Marques-680x510.jpg"},"property-thumb-image":{"file":"A07-T1-Marques-488x326.jpg","width":488,"height":326,"mime-type":"image\/jpeg","url":"https:\/\/goldroof.pt\/wp-content\/uploads\/2021\/07\/apartamento-t2-mobilado-licenca-al-bonfim-porto-oferta-escrituras\/A07-T1-Marques-488x326.jpg"},"property-detail-video-image":{"file":"A07-T1-Marques-818x417.jpg","width":818,"height":417,"mime-type":"image\/jpeg","url":"https:\/\/goldroof.pt\/wp-content\/uploads\/2021\/07\/apartamento-t2-mobilado-licenca-al-bonfim-porto-oferta-escrituras\/A07-T1-Marques-818x417.jpg"},"agent-image":{"file":"A07-T1-Marques-210x210.jpg","width":210,"height":210,"mime-type":"image\/jpeg","url":"https:\/\/goldroof.pt\/wp-content\/uploads\/2021\/07\/apartamento-t2-mobilado-licenca-al-bonfim-porto-oferta-escrituras\/A07-T1-Marques-210x210.jpg"},"partners-logo":{"file":"A07-T1-Marques-600x2592.jpg","width":600,"height":2592,"mime-type":"image\/jpeg","url":"https:\/\/goldroof.pt\/wp-content\/uploads\/2021\/07\/apartamento-t2-mobilado-licenca-al-bonfim-porto-oferta-escrituras\/A07-T1-Marques-600x2592.jpg"},"post-featured-image":{"file":"A07-T1-Marques-1240x720.jpg","width":1240,"height":720,"mime-type":"image\/jpeg","url":"https:\/\/goldroof.pt\/wp-content\/uploads\/2021\/07\/apartamento-t2-mobilado-licenca-al-bonfim-porto-oferta-escrituras\/A07-T1-Marques-1240x720.jpg"}},"image_meta":{"aperture":"11","credit":"JORGE OLIVEIRA","camera":"E-M10MarkII","caption":"T1 Marqu\u00eas","created_timestamp":"0","copyright":"GOLD ROOF RE&amp;F LDA","focal_length":"33","iso":"200","shutter_speed":"0.0025","title":"T1 Marqu\u00eas","orientation":"0","keywords":[]},"original_image":"A07-T1-Marques.jpg","ID":"13610","name":"A07-T1-Marques-scaled.jpg","path":"\/home\/u836199612\/domains\/goldroof.pt\/public_html\/wp-content\/uploads\/2021\/07\/apartamento-t2-mobilado-licenca-al-bonfim-porto-oferta-escrituras\/A07-T1-Marques-scaled.jpg","url":"https:\/\/goldroof.pt\/wp-content\/uploads\/2021\/07\/apartamento-t2-mobilado-licenca-al-bonfim-porto-oferta-escrituras\/A07-T1-Marques-150x150.jpg","full_url":"https:\/\/goldroof.pt\/wp-content\/uploads\/2021\/07\/apartamento-t2-mobilado-licenca-al-bonfim-porto-oferta-escrituras\/A07-T1-Marques-scaled.jpg","title":"T1 Marqu\u00eas","caption":"T1 Marqu\u00eas","description":"","alt":"","srcset":"https:\/\/goldroof.pt\/wp-content\/uploads\/2021\/07\/apartamento-t2-mobilado-licenca-al-bonfim-porto-oferta-escrituras\/A07-T1-Marques-150x150.jpg 150w, https:\/\/goldroof.pt\/wp-content\/uploads\/2021\/07\/apartamento-t2-mobilado-licenca-al-bonfim-porto-oferta-escrituras\/A07-T1-Marques-210x210.jpg 210w"},{"width":150,"height":150,"file":"2021\/07\/apartamento-t2-mobilado-licenca-al-bonfim-porto-oferta-escrituras\/A08-T1-Marques-scaled.jpg","sizes":{"medium":{"file":"A08-T1-Marques-300x169.jpg","width":300,"height":169,"mime-type":"image\/jpeg","url":"https:\/\/goldroof.pt\/wp-content\/uploads\/2021\/07\/apartamento-t2-mobilado-licenca-al-bonfim-porto-oferta-escrituras\/A08-T1-Marques-300x169.jpg"},"large":{"file":"A08-T1-Marques-1024x576.jpg","width":1024,"height":576,"mime-type":"image\/jpeg","url":"https:\/\/goldroof.pt\/wp-content\/uploads\/2021\/07\/apartamento-t2-mobilado-licenca-al-bonfim-porto-oferta-escrituras\/A08-T1-Marques-1024x576.jpg"},"thumbnail":{"file":"A08-T1-Marques-150x150.jpg","width":150,"height":150,"mime-type":"image\/jpeg","url":"https:\/\/goldroof.pt\/wp-content\/uploads\/2021\/07\/apartamento-t2-mobilado-licenca-al-bonfim-porto-oferta-escrituras\/A08-T1-Marques-150x150.jpg"},"medium_large":{"file":"A08-T1-Marques-768x432.jpg","width":768,"height":432,"mime-type":"image\/jpeg","url":"https:\/\/goldroof.pt\/wp-content\/uploads\/2021\/07\/apartamento-t2-mobilado-licenca-al-bonfim-porto-oferta-escrituras\/A08-T1-Marques-768x432.jpg"},"1536x1536":{"file":"A08-T1-Marques-1536x864.jpg","width":1536,"height":864,"mime-type":"image\/jpeg","url":"https:\/\/goldroof.pt\/wp-content\/uploads\/2021\/07\/apartamento-t2-mobilado-licenca-al-bonfim-porto-oferta-escrituras\/A08-T1-Marques-1536x864.jpg"},"2048x2048":{"file":"A08-T1-Marques-2048x1152.jpg","width":2048,"height":1152,"mime-type":"image\/jpeg","url":"https:\/\/goldroof.pt\/wp-content\/uploads\/2021\/07\/apartamento-t2-mobilado-licenca-al-bonfim-porto-oferta-escrituras\/A08-T1-Marques-2048x1152.jpg"},"post-thumbnail":{"file":"A08-T1-Marques-150x84.jpg","width":150,"height":84,"mime-type":"image\/jpeg","url":"https:\/\/goldroof.pt\/wp-content\/uploads\/2021\/07\/apartamento-t2-mobilado-licenca-al-bonfim-porto-oferta-escrituras\/A08-T1-Marques-150x84.jpg"},"modern-property-child-slider":{"file":"A08-T1-Marques-680x510.jpg","width":680,"height":510,"mime-type":"image\/jpeg","url":"https:\/\/goldroof.pt\/wp-content\/uploads\/2021\/07\/apartamento-t2-mobilado-licenca-al-bonfim-porto-oferta-escrituras\/A08-T1-Marques-680x510.jpg"},"property-thumb-image":{"file":"A08-T1-Marques-488x326.jpg","width":488,"height":326,"mime-type":"image\/jpeg","url":"https:\/\/goldroof.pt\/wp-content\/uploads\/2021\/07\/apartamento-t2-mobilado-licenca-al-bonfim-porto-oferta-escrituras\/A08-T1-Marques-488x326.jpg"},"property-detail-video-image":{"file":"A08-T1-Marques-818x417.jpg","width":818,"height":417,"mime-type":"image\/jpeg","url":"https:\/\/goldroof.pt\/wp-content\/uploads\/2021\/07\/apartamento-t2-mobilado-licenca-al-bonfim-porto-oferta-escrituras\/A08-T1-Marques-818x417.jpg"},"agent-image":{"file":"A08-T1-Marques-210x210.jpg","width":210,"height":210,"mime-type":"image\/jpeg","url":"https:\/\/goldroof.pt\/wp-content\/uploads\/2021\/07\/apartamento-t2-mobilado-licenca-al-bonfim-porto-oferta-escrituras\/A08-T1-Marques-210x210.jpg"},"partners-logo":{"file":"A08-T1-Marques-600x2592.jpg","width":600,"height":2592,"mime-type":"image\/jpeg","url":"https:\/\/goldroof.pt\/wp-content\/uploads\/2021\/07\/apartamento-t2-mobilado-licenca-al-bonfim-porto-oferta-escrituras\/A08-T1-Marques-600x2592.jpg"},"post-featured-image":{"file":"A08-T1-Marques-1240x720.jpg","width":1240,"height":720,"mime-type":"image\/jpeg","url":"https:\/\/goldroof.pt\/wp-content\/uploads\/2021\/07\/apartamento-t2-mobilado-licenca-al-bonfim-porto-oferta-escrituras\/A08-T1-Marques-1240x720.jpg"}},"image_meta":{"aperture":"3.5","credit":"JORGE OLIVEIRA","camera":"E-M10MarkII","caption":"T1 Marqu\u00eas","created_timestamp":"0","copyright":"GOLD ROOF RE&amp;F LDA","focal_length":"14","iso":"200","shutter_speed":"0.025","title":"T1 Marqu\u00eas","orientation":"0","keywords":[]},"original_image":"A08-T1-Marques.jpg","ID":"13613","name":"A08-T1-Marques-scaled.jpg","path":"\/home\/u836199612\/domains\/goldroof.pt\/public_html\/wp-content\/uploads\/2021\/07\/apartamento-t2-mobilado-licenca-al-bonfim-porto-oferta-escrituras\/A08-T1-Marques-scaled.jpg","url":"https:\/\/goldroof.pt\/wp-content\/uploads\/2021\/07\/apartamento-t2-mobilado-licenca-al-bonfim-porto-oferta-escrituras\/A08-T1-Marques-150x150.jpg","full_url":"https:\/\/goldroof.pt\/wp-content\/uploads\/2021\/07\/apartamento-t2-mobilado-licenca-al-bonfim-porto-oferta-escrituras\/A08-T1-Marques-scaled.jpg","title":"T1 Marqu\u00eas","caption":"T1 Marqu\u00eas","description":"","alt":"","srcset":"https:\/\/goldroof.pt\/wp-content\/uploads\/2021\/07\/apartamento-t2-mobilado-licenca-al-bonfim-porto-oferta-escrituras\/A08-T1-Marques-150x150.jpg 150w, https:\/\/goldroof.pt\/wp-content\/uploads\/2021\/07\/apartamento-t2-mobilado-licenca-al-bonfim-porto-oferta-escrituras\/A08-T1-Marques-210x210.jpg 210w"},{"width":150,"height":150,"file":"2021\/07\/apartamento-t2-mobilado-licenca-al-bonfim-porto-oferta-escrituras\/B01-T1-Marques-scaled.jpg","sizes":{"medium":{"file":"B01-T1-Marques-300x169.jpg","width":300,"height":169,"mime-type":"image\/jpeg","url":"https:\/\/goldroof.pt\/wp-content\/uploads\/2021\/07\/apartamento-t2-mobilado-licenca-al-bonfim-porto-oferta-escrituras\/B01-T1-Marques-300x169.jpg"},"large":{"file":"B01-T1-Marques-1024x576.jpg","width":1024,"height":576,"mime-type":"image\/jpeg","url":"https:\/\/goldroof.pt\/wp-content\/uploads\/2021\/07\/apartamento-t2-mobilado-licenca-al-bonfim-porto-oferta-escrituras\/B01-T1-Marques-1024x576.jpg"},"thumbnail":{"file":"B01-T1-Marques-150x150.jpg","width":150,"height":150,"mime-type":"image\/jpeg","url":"https:\/\/goldroof.pt\/wp-content\/uploads\/2021\/07\/apartamento-t2-mobilado-licenca-al-bonfim-porto-oferta-escrituras\/B01-T1-Marques-150x150.jpg"},"medium_large":{"file":"B01-T1-Marques-768x432.jpg","width":768,"height":432,"mime-type":"image\/jpeg","url":"https:\/\/goldroof.pt\/wp-content\/uploads\/2021\/07\/apartamento-t2-mobilado-licenca-al-bonfim-porto-oferta-escrituras\/B01-T1-Marques-768x432.jpg"},"1536x1536":{"file":"B01-T1-Marques-1536x864.jpg","width":1536,"height":864,"mime-type":"image\/jpeg","url":"https:\/\/goldroof.pt\/wp-content\/uploads\/2021\/07\/apartamento-t2-mobilado-licenca-al-bonfim-porto-oferta-escrituras\/B01-T1-Marques-1536x864.jpg"},"2048x2048":{"file":"B01-T1-Marques-2048x1152.jpg","width":2048,"height":1152,"mime-type":"image\/jpeg","url":"https:\/\/goldroof.pt\/wp-content\/uploads\/2021\/07\/apartamento-t2-mobilado-licenca-al-bonfim-porto-oferta-escrituras\/B01-T1-Marques-2048x1152.jpg"},"post-thumbnail":{"file":"B01-T1-Marques-150x84.jpg","width":150,"height":84,"mime-type":"image\/jpeg","url":"https:\/\/goldroof.pt\/wp-content\/uploads\/2021\/07\/apartamento-t2-mobilado-licenca-al-bonfim-porto-oferta-escrituras\/B01-T1-Marques-150x84.jpg"},"modern-property-child-slider":{"file":"B01-T1-Marques-680x510.jpg","width":680,"height":510,"mime-type":"image\/jpeg","url":"https:\/\/goldroof.pt\/wp-content\/uploads\/2021\/07\/apartamento-t2-mobilado-licenca-al-bonfim-porto-oferta-escrituras\/B01-T1-Marques-680x510.jpg"},"property-thumb-image":{"file":"B01-T1-Marques-488x326.jpg","width":488,"height":326,"mime-type":"image\/jpeg","url":"https:\/\/goldroof.pt\/wp-content\/uploads\/2021\/07\/apartamento-t2-mobilado-licenca-al-bonfim-porto-oferta-escrituras\/B01-T1-Marques-488x326.jpg"},"property-detail-video-image":{"file":"B01-T1-Marques-818x417.jpg","width":818,"height":417,"mime-type":"image\/jpeg","url":"https:\/\/goldroof.pt\/wp-content\/uploads\/2021\/07\/apartamento-t2-mobilado-licenca-al-bonfim-porto-oferta-escrituras\/B01-T1-Marques-818x417.jpg"},"agent-image":{"file":"B01-T1-Marques-210x210.jpg","width":210,"height":210,"mime-type":"image\/jpeg","url":"https:\/\/goldroof.pt\/wp-content\/uploads\/2021\/07\/apartamento-t2-mobilado-licenca-al-bonfim-porto-oferta-escrituras\/B01-T1-Marques-210x210.jpg"},"partners-logo":{"file":"B01-T1-Marques-600x2592.jpg","width":600,"height":2592,"mime-type":"image\/jpeg","url":"https:\/\/goldroof.pt\/wp-content\/uploads\/2021\/07\/apartamento-t2-mobilado-licenca-al-bonfim-porto-oferta-escrituras\/B01-T1-Marques-600x2592.jpg"},"post-featured-image":{"file":"B01-T1-Marques-1240x720.jpg","width":1240,"height":720,"mime-type":"image\/jpeg","url":"https:\/\/goldroof.pt\/wp-content\/uploads\/2021\/07\/apartamento-t2-mobilado-licenca-al-bonfim-porto-oferta-escrituras\/B01-T1-Marques-1240x720.jpg"}},"image_meta":{"aperture":"3.5","credit":"JORGE OLIVEIRA","camera":"E-M10MarkII","caption":"T1 Marqu\u00eas","created_timestamp":"0","copyright":"GOLD ROOF RE&amp;F LDA","focal_length":"14","iso":"200","shutter_speed":"0.02","title":"T1 Marqu\u00eas","orientation":"0","keywords":[]},"original_image":"B01-T1-Marques.jpg","ID":"13616","name":"B01-T1-Marques-scaled.jpg","path":"\/home\/u836199612\/domains\/goldroof.pt\/public_html\/wp-content\/uploads\/2021\/07\/apartamento-t2-mobilado-licenca-al-bonfim-porto-oferta-escrituras\/B01-T1-Marques-scaled.jpg","url":"https:\/\/goldroof.pt\/wp-content\/uploads\/2021\/07\/apartamento-t2-mobilado-licenca-al-bonfim-porto-oferta-escrituras\/B01-T1-Marques-150x150.jpg","full_url":"https:\/\/goldroof.pt\/wp-content\/uploads\/2021\/07\/apartamento-t2-mobilado-licenca-al-bonfim-porto-oferta-escrituras\/B01-T1-Marques-scaled.jpg","title":"T1 Marqu\u00eas","caption":"T1 Marqu\u00eas","description":"","alt":"","srcset":"https:\/\/goldroof.pt\/wp-content\/uploads\/2021\/07\/apartamento-t2-mobilado-licenca-al-bonfim-porto-oferta-escrituras\/B01-T1-Marques-150x150.jpg 150w, https:\/\/goldroof.pt\/wp-content\/uploads\/2021\/07\/apartamento-t2-mobilado-licenca-al-bonfim-porto-oferta-escrituras\/B01-T1-Marques-210x210.jpg 210w"},{"width":150,"height":150,"file":"2021\/07\/apartamento-t2-mobilado-licenca-al-bonfim-porto-oferta-escrituras\/B02-T1-Marques-scaled.jpg","sizes":{"medium":{"file":"B02-T1-Marques-300x169.jpg","width":300,"height":169,"mime-type":"image\/jpeg","url":"https:\/\/goldroof.pt\/wp-content\/uploads\/2021\/07\/apartamento-t2-mobilado-licenca-al-bonfim-porto-oferta-escrituras\/B02-T1-Marques-300x169.jpg"},"large":{"file":"B02-T1-Marques-1024x576.jpg","width":1024,"height":576,"mime-type":"image\/jpeg","url":"https:\/\/goldroof.pt\/wp-content\/uploads\/2021\/07\/apartamento-t2-mobilado-licenca-al-bonfim-porto-oferta-escrituras\/B02-T1-Marques-1024x576.jpg"},"thumbnail":{"file":"B02-T1-Marques-150x150.jpg","width":150,"height":150,"mime-type":"image\/jpeg","url":"https:\/\/goldroof.pt\/wp-content\/uploads\/2021\/07\/apartamento-t2-mobilado-licenca-al-bonfim-porto-oferta-escrituras\/B02-T1-Marques-150x150.jpg"},"medium_large":{"file":"B02-T1-Marques-768x432.jpg","width":768,"height":432,"mime-type":"image\/jpeg","url":"https:\/\/goldroof.pt\/wp-content\/uploads\/2021\/07\/apartamento-t2-mobilado-licenca-al-bonfim-porto-oferta-escrituras\/B02-T1-Marques-768x432.jpg"},"1536x1536":{"file":"B02-T1-Marques-1536x864.jpg","width":1536,"height":864,"mime-type":"image\/jpeg","url":"https:\/\/goldroof.pt\/wp-content\/uploads\/2021\/07\/apartamento-t2-mobilado-licenca-al-bonfim-porto-oferta-escrituras\/B02-T1-Marques-1536x864.jpg"},"2048x2048":{"file":"B02-T1-Marques-2048x1152.jpg","width":2048,"height":1152,"mime-type":"image\/jpeg","url":"https:\/\/goldroof.pt\/wp-content\/uploads\/2021\/07\/apartamento-t2-mobilado-licenca-al-bonfim-porto-oferta-escrituras\/B02-T1-Marques-2048x1152.jpg"},"post-thumbnail":{"file":"B02-T1-Marques-150x84.jpg","width":150,"height":84,"mime-type":"image\/jpeg","url":"https:\/\/goldroof.pt\/wp-content\/uploads\/2021\/07\/apartamento-t2-mobilado-licenca-al-bonfim-porto-oferta-escrituras\/B02-T1-Marques-150x84.jpg"},"modern-property-child-slider":{"file":"B02-T1-Marques-680x510.jpg","width":680,"height":510,"mime-type":"image\/jpeg","url":"https:\/\/goldroof.pt\/wp-content\/uploads\/2021\/07\/apartamento-t2-mobilado-licenca-al-bonfim-porto-oferta-escrituras\/B02-T1-Marques-680x510.jpg"},"property-thumb-image":{"file":"B02-T1-Marques-488x326.jpg","width":488,"height":326,"mime-type":"image\/jpeg","url":"https:\/\/goldroof.pt\/wp-content\/uploads\/2021\/07\/apartamento-t2-mobilado-licenca-al-bonfim-porto-oferta-escrituras\/B02-T1-Marques-488x326.jpg"},"property-detail-video-image":{"file":"B02-T1-Marques-818x417.jpg","width":818,"height":417,"mime-type":"image\/jpeg","url":"https:\/\/goldroof.pt\/wp-content\/uploads\/2021\/07\/apartamento-t2-mobilado-licenca-al-bonfim-porto-oferta-escrituras\/B02-T1-Marques-818x417.jpg"},"agent-image":{"file":"B02-T1-Marques-210x210.jpg","width":210,"height":210,"mime-type":"image\/jpeg","url":"https:\/\/goldroof.pt\/wp-content\/uploads\/2021\/07\/apartamento-t2-mobilado-licenca-al-bonfim-porto-oferta-escrituras\/B02-T1-Marques-210x210.jpg"},"partners-logo":{"file":"B02-T1-Marques-600x2592.jpg","width":600,"height":2592,"mime-type":"image\/jpeg","url":"https:\/\/goldroof.pt\/wp-content\/uploads\/2021\/07\/apartamento-t2-mobilado-licenca-al-bonfim-porto-oferta-escrituras\/B02-T1-Marques-600x2592.jpg"},"post-featured-image":{"file":"B02-T1-Marques-1240x720.jpg","width":1240,"height":720,"mime-type":"image\/jpeg","url":"https:\/\/goldroof.pt\/wp-content\/uploads\/2021\/07\/apartamento-t2-mobilado-licenca-al-bonfim-porto-oferta-escrituras\/B02-T1-Marques-1240x720.jpg"}},"image_meta":{"aperture":"3.5","credit":"JORGE OLIVEIRA","camera":"E-M10MarkII","caption":"T1 Marqu\u00eas","created_timestamp":"0","copyright":"GOLD ROOF RE&amp;F LDA","focal_length":"14","iso":"200","shutter_speed":"0.05","title":"T1 Marqu\u00eas","orientation":"0","keywords":[]},"original_image":"B02-T1-Marques.jpg","ID":"13619","name":"B02-T1-Marques-scaled.jpg","path":"\/home\/u836199612\/domains\/goldroof.pt\/public_html\/wp-content\/uploads\/2021\/07\/apartamento-t2-mobilado-licenca-al-bonfim-porto-oferta-escrituras\/B02-T1-Marques-scaled.jpg","url":"https:\/\/goldroof.pt\/wp-content\/uploads\/2021\/07\/apartamento-t2-mobilado-licenca-al-bonfim-porto-oferta-escrituras\/B02-T1-Marques-150x150.jpg","full_url":"https:\/\/goldroof.pt\/wp-content\/uploads\/2021\/07\/apartamento-t2-mobilado-licenca-al-bonfim-porto-oferta-escrituras\/B02-T1-Marques-scaled.jpg","title":"T1 Marqu\u00eas","caption":"T1 Marqu\u00eas","description":"","alt":"","srcset":"https:\/\/goldroof.pt\/wp-content\/uploads\/2021\/07\/apartamento-t2-mobilado-licenca-al-bonfim-porto-oferta-escrituras\/B02-T1-Marques-150x150.jpg 150w, https:\/\/goldroof.pt\/wp-content\/uploads\/2021\/07\/apartamento-t2-mobilado-licenca-al-bonfim-porto-oferta-escrituras\/B02-T1-Marques-210x210.jpg 210w"},{"width":150,"height":150,"file":"2021\/07\/apartamento-t2-mobilado-licenca-al-bonfim-porto-oferta-escrituras\/B03-T1-Marques-scaled.jpg","sizes":{"medium":{"file":"B03-T1-Marques-300x169.jpg","width":300,"height":169,"mime-type":"image\/jpeg","url":"https:\/\/goldroof.pt\/wp-content\/uploads\/2021\/07\/apartamento-t2-mobilado-licenca-al-bonfim-porto-oferta-escrituras\/B03-T1-Marques-300x169.jpg"},"large":{"file":"B03-T1-Marques-1024x576.jpg","width":1024,"height":576,"mime-type":"image\/jpeg","url":"https:\/\/goldroof.pt\/wp-content\/uploads\/2021\/07\/apartamento-t2-mobilado-licenca-al-bonfim-porto-oferta-escrituras\/B03-T1-Marques-1024x576.jpg"},"thumbnail":{"file":"B03-T1-Marques-150x150.jpg","width":150,"height":150,"mime-type":"image\/jpeg","url":"https:\/\/goldroof.pt\/wp-content\/uploads\/2021\/07\/apartamento-t2-mobilado-licenca-al-bonfim-porto-oferta-escrituras\/B03-T1-Marques-150x150.jpg"},"medium_large":{"file":"B03-T1-Marques-768x432.jpg","width":768,"height":432,"mime-type":"image\/jpeg","url":"https:\/\/goldroof.pt\/wp-content\/uploads\/2021\/07\/apartamento-t2-mobilado-licenca-al-bonfim-porto-oferta-escrituras\/B03-T1-Marques-768x432.jpg"},"1536x1536":{"file":"B03-T1-Marques-1536x864.jpg","width":1536,"height":864,"mime-type":"image\/jpeg","url":"https:\/\/goldroof.pt\/wp-content\/uploads\/2021\/07\/apartamento-t2-mobilado-licenca-al-bonfim-porto-oferta-escrituras\/B03-T1-Marques-1536x864.jpg"},"2048x2048":{"file":"B03-T1-Marques-2048x1152.jpg","width":2048,"height":1152,"mime-type":"image\/jpeg","url":"https:\/\/goldroof.pt\/wp-content\/uploads\/2021\/07\/apartamento-t2-mobilado-licenca-al-bonfim-porto-oferta-escrituras\/B03-T1-Marques-2048x1152.jpg"},"post-thumbnail":{"file":"B03-T1-Marques-150x84.jpg","width":150,"height":84,"mime-type":"image\/jpeg","url":"https:\/\/goldroof.pt\/wp-content\/uploads\/2021\/07\/apartamento-t2-mobilado-licenca-al-bonfim-porto-oferta-escrituras\/B03-T1-Marques-150x84.jpg"},"modern-property-child-slider":{"file":"B03-T1-Marques-680x510.jpg","width":680,"height":510,"mime-type":"image\/jpeg","url":"https:\/\/goldroof.pt\/wp-content\/uploads\/2021\/07\/apartamento-t2-mobilado-licenca-al-bonfim-porto-oferta-escrituras\/B03-T1-Marques-680x510.jpg"},"property-thumb-image":{"file":"B03-T1-Marques-488x326.jpg","width":488,"height":326,"mime-type":"image\/jpeg","url":"https:\/\/goldroof.pt\/wp-content\/uploads\/2021\/07\/apartamento-t2-mobilado-licenca-al-bonfim-porto-oferta-escrituras\/B03-T1-Marques-488x326.jpg"},"property-detail-video-image":{"file":"B03-T1-Marques-818x417.jpg","width":818,"height":417,"mime-type":"image\/jpeg","url":"https:\/\/goldroof.pt\/wp-content\/uploads\/2021\/07\/apartamento-t2-mobilado-licenca-al-bonfim-porto-oferta-escrituras\/B03-T1-Marques-818x417.jpg"},"agent-image":{"file":"B03-T1-Marques-210x210.jpg","width":210,"height":210,"mime-type":"image\/jpeg","url":"https:\/\/goldroof.pt\/wp-content\/uploads\/2021\/07\/apartamento-t2-mobilado-licenca-al-bonfim-porto-oferta-escrituras\/B03-T1-Marques-210x210.jpg"},"partners-logo":{"file":"B03-T1-Marques-600x2592.jpg","width":600,"height":2592,"mime-type":"image\/jpeg","url":"https:\/\/goldroof.pt\/wp-content\/uploads\/2021\/07\/apartamento-t2-mobilado-licenca-al-bonfim-porto-oferta-escrituras\/B03-T1-Marques-600x2592.jpg"},"post-featured-image":{"file":"B03-T1-Marques-1240x720.jpg","width":1240,"height":720,"mime-type":"image\/jpeg","url":"https:\/\/goldroof.pt\/wp-content\/uploads\/2021\/07\/apartamento-t2-mobilado-licenca-al-bonfim-porto-oferta-escrituras\/B03-T1-Marques-1240x720.jpg"}},"image_meta":{"aperture":"3.5","credit":"JORGE OLIVEIRA","camera":"E-M10MarkII","caption":"T1 Marqu\u00eas","created_timestamp":"0","copyright":"GOLD ROOF RE&amp;F LDA","focal_length":"14","iso":"200","shutter_speed":"0.076923076923077","title":"T1 Marqu\u00eas","orientation":"0","keywords":[]},"original_image":"B03-T1-Marques.jpg","ID":"13622","name":"B03-T1-Marques-scaled.jpg","path":"\/home\/u836199612\/domains\/goldroof.pt\/public_html\/wp-content\/uploads\/2021\/07\/apartamento-t2-mobilado-licenca-al-bonfim-porto-oferta-escrituras\/B03-T1-Marques-scaled.jpg","url":"https:\/\/goldroof.pt\/wp-content\/uploads\/2021\/07\/apartamento-t2-mobilado-licenca-al-bonfim-porto-oferta-escrituras\/B03-T1-Marques-150x150.jpg","full_url":"https:\/\/goldroof.pt\/wp-content\/uploads\/2021\/07\/apartamento-t2-mobilado-licenca-al-bonfim-porto-oferta-escrituras\/B03-T1-Marques-scaled.jpg","title":"T1 Marqu\u00eas","caption":"T1 Marqu\u00eas","description":"","alt":"","srcset":"https:\/\/goldroof.pt\/wp-content\/uploads\/2021\/07\/apartamento-t2-mobilado-licenca-al-bonfim-porto-oferta-escrituras\/B03-T1-Marques-150x150.jpg 150w, https:\/\/goldroof.pt\/wp-content\/uploads\/2021\/07\/apartamento-t2-mobilado-licenca-al-bonfim-porto-oferta-escrituras\/B03-T1-Marques-210x210.jpg 210w"},{"width":150,"height":150,"file":"2021\/07\/apartamento-t2-mobilado-licenca-al-bonfim-porto-oferta-escrituras\/B04-T1-Marques-scaled.jpg","sizes":{"medium":{"file":"B04-T1-Marques-300x169.jpg","width":300,"height":169,"mime-type":"image\/jpeg","url":"https:\/\/goldroof.pt\/wp-content\/uploads\/2021\/07\/apartamento-t2-mobilado-licenca-al-bonfim-porto-oferta-escrituras\/B04-T1-Marques-300x169.jpg"},"large":{"file":"B04-T1-Marques-1024x576.jpg","width":1024,"height":576,"mime-type":"image\/jpeg","url":"https:\/\/goldroof.pt\/wp-content\/uploads\/2021\/07\/apartamento-t2-mobilado-licenca-al-bonfim-porto-oferta-escrituras\/B04-T1-Marques-1024x576.jpg"},"thumbnail":{"file":"B04-T1-Marques-150x150.jpg","width":150,"height":150,"mime-type":"image\/jpeg","url":"https:\/\/goldroof.pt\/wp-content\/uploads\/2021\/07\/apartamento-t2-mobilado-licenca-al-bonfim-porto-oferta-escrituras\/B04-T1-Marques-150x150.jpg"},"medium_large":{"file":"B04-T1-Marques-768x432.jpg","width":768,"height":432,"mime-type":"image\/jpeg","url":"https:\/\/goldroof.pt\/wp-content\/uploads\/2021\/07\/apartamento-t2-mobilado-licenca-al-bonfim-porto-oferta-escrituras\/B04-T1-Marques-768x432.jpg"},"1536x1536":{"file":"B04-T1-Marques-1536x864.jpg","width":1536,"height":864,"mime-type":"image\/jpeg","url":"https:\/\/goldroof.pt\/wp-content\/uploads\/2021\/07\/apartamento-t2-mobilado-licenca-al-bonfim-porto-oferta-escrituras\/B04-T1-Marques-1536x864.jpg"},"2048x2048":{"file":"B04-T1-Marques-2048x1152.jpg","width":2048,"height":1152,"mime-type":"image\/jpeg","url":"https:\/\/goldroof.pt\/wp-content\/uploads\/2021\/07\/apartamento-t2-mobilado-licenca-al-bonfim-porto-oferta-escrituras\/B04-T1-Marques-2048x1152.jpg"},"post-thumbnail":{"file":"B04-T1-Marques-150x84.jpg","width":150,"height":84,"mime-type":"image\/jpeg","url":"https:\/\/goldroof.pt\/wp-content\/uploads\/2021\/07\/apartamento-t2-mobilado-licenca-al-bonfim-porto-oferta-escrituras\/B04-T1-Marques-150x84.jpg"},"modern-property-child-slider":{"file":"B04-T1-Marques-680x510.jpg","width":680,"height":510,"mime-type":"image\/jpeg","url":"https:\/\/goldroof.pt\/wp-content\/uploads\/2021\/07\/apartamento-t2-mobilado-licenca-al-bonfim-porto-oferta-escrituras\/B04-T1-Marques-680x510.jpg"},"property-thumb-image":{"file":"B04-T1-Marques-488x326.jpg","width":488,"height":326,"mime-type":"image\/jpeg","url":"https:\/\/goldroof.pt\/wp-content\/uploads\/2021\/07\/apartamento-t2-mobilado-licenca-al-bonfim-porto-oferta-escrituras\/B04-T1-Marques-488x326.jpg"},"property-detail-video-image":{"file":"B04-T1-Marques-818x417.jpg","width":818,"height":417,"mime-type":"image\/jpeg","url":"https:\/\/goldroof.pt\/wp-content\/uploads\/2021\/07\/apartamento-t2-mobilado-licenca-al-bonfim-porto-oferta-escrituras\/B04-T1-Marques-818x417.jpg"},"agent-image":{"file":"B04-T1-Marques-210x210.jpg","width":210,"height":210,"mime-type":"image\/jpeg","url":"https:\/\/goldroof.pt\/wp-content\/uploads\/2021\/07\/apartamento-t2-mobilado-licenca-al-bonfim-porto-oferta-escrituras\/B04-T1-Marques-210x210.jpg"},"partners-logo":{"file":"B04-T1-Marques-600x2592.jpg","width":600,"height":2592,"mime-type":"image\/jpeg","url":"https:\/\/goldroof.pt\/wp-content\/uploads\/2021\/07\/apartamento-t2-mobilado-licenca-al-bonfim-porto-oferta-escrituras\/B04-T1-Marques-600x2592.jpg"},"post-featured-image":{"file":"B04-T1-Marques-1240x720.jpg","width":1240,"height":720,"mime-type":"image\/jpeg","url":"https:\/\/goldroof.pt\/wp-content\/uploads\/2021\/07\/apartamento-t2-mobilado-licenca-al-bonfim-porto-oferta-escrituras\/B04-T1-Marques-1240x720.jpg"}},"image_meta":{"aperture":"3.5","credit":"JORGE OLIVEIRA","camera":"E-M10MarkII","caption":"T1 Marqu\u00eas","created_timestamp":"0","copyright":"GOLD ROOF RE&amp;F LDA","focal_length":"14","iso":"200","shutter_speed":"0.1","title":"T1 Marqu\u00eas","orientation":"0","keywords":[]},"original_image":"B04-T1-Marques.jpg","ID":"13625","name":"B04-T1-Marques-scaled.jpg","path":"\/home\/u836199612\/domains\/goldroof.pt\/public_html\/wp-content\/uploads\/2021\/07\/apartamento-t2-mobilado-licenca-al-bonfim-porto-oferta-escrituras\/B04-T1-Marques-scaled.jpg","url":"https:\/\/goldroof.pt\/wp-content\/uploads\/2021\/07\/apartamento-t2-mobilado-licenca-al-bonfim-porto-oferta-escrituras\/B04-T1-Marques-150x150.jpg","full_url":"https:\/\/goldroof.pt\/wp-content\/uploads\/2021\/07\/apartamento-t2-mobilado-licenca-al-bonfim-porto-oferta-escrituras\/B04-T1-Marques-scaled.jpg","title":"T1 Marqu\u00eas","caption":"T1 Marqu\u00eas","description":"","alt":"","srcset":"https:\/\/goldroof.pt\/wp-content\/uploads\/2021\/07\/apartamento-t2-mobilado-licenca-al-bonfim-porto-oferta-escrituras\/B04-T1-Marques-150x150.jpg 150w, https:\/\/goldroof.pt\/wp-content\/uploads\/2021\/07\/apartamento-t2-mobilado-licenca-al-bonfim-porto-oferta-escrituras\/B04-T1-Marques-210x210.jpg 210w"},{"width":150,"height":150,"file":"2021\/07\/apartamento-t2-mobilado-licenca-al-bonfim-porto-oferta-escrituras\/B05-T1-Marques-scaled.jpg","sizes":{"medium":{"file":"B05-T1-Marques-300x169.jpg","width":300,"height":169,"mime-type":"image\/jpeg","url":"https:\/\/goldroof.pt\/wp-content\/uploads\/2021\/07\/apartamento-t2-mobilado-licenca-al-bonfim-porto-oferta-escrituras\/B05-T1-Marques-300x169.jpg"},"large":{"file":"B05-T1-Marques-1024x576.jpg","width":1024,"height":576,"mime-type":"image\/jpeg","url":"https:\/\/goldroof.pt\/wp-content\/uploads\/2021\/07\/apartamento-t2-mobilado-licenca-al-bonfim-porto-oferta-escrituras\/B05-T1-Marques-1024x576.jpg"},"thumbnail":{"file":"B05-T1-Marques-150x150.jpg","width":150,"height":150,"mime-type":"image\/jpeg","url":"https:\/\/goldroof.pt\/wp-content\/uploads\/2021\/07\/apartamento-t2-mobilado-licenca-al-bonfim-porto-oferta-escrituras\/B05-T1-Marques-150x150.jpg"},"medium_large":{"file":"B05-T1-Marques-768x432.jpg","width":768,"height":432,"mime-type":"image\/jpeg","url":"https:\/\/goldroof.pt\/wp-content\/uploads\/2021\/07\/apartamento-t2-mobilado-licenca-al-bonfim-porto-oferta-escrituras\/B05-T1-Marques-768x432.jpg"},"1536x1536":{"file":"B05-T1-Marques-1536x864.jpg","width":1536,"height":864,"mime-type":"image\/jpeg","url":"https:\/\/goldroof.pt\/wp-content\/uploads\/2021\/07\/apartamento-t2-mobilado-licenca-al-bonfim-porto-oferta-escrituras\/B05-T1-Marques-1536x864.jpg"},"2048x2048":{"file":"B05-T1-Marques-2048x1152.jpg","width":2048,"height":1152,"mime-type":"image\/jpeg","url":"https:\/\/goldroof.pt\/wp-content\/uploads\/2021\/07\/apartamento-t2-mobilado-licenca-al-bonfim-porto-oferta-escrituras\/B05-T1-Marques-2048x1152.jpg"},"post-thumbnail":{"file":"B05-T1-Marques-150x84.jpg","width":150,"height":84,"mime-type":"image\/jpeg","url":"https:\/\/goldroof.pt\/wp-content\/uploads\/2021\/07\/apartamento-t2-mobilado-licenca-al-bonfim-porto-oferta-escrituras\/B05-T1-Marques-150x84.jpg"},"modern-property-child-slider":{"file":"B05-T1-Marques-680x510.jpg","width":680,"height":510,"mime-type":"image\/jpeg","url":"https:\/\/goldroof.pt\/wp-content\/uploads\/2021\/07\/apartamento-t2-mobilado-licenca-al-bonfim-porto-oferta-escrituras\/B05-T1-Marques-680x510.jpg"},"property-thumb-image":{"file":"B05-T1-Marques-488x326.jpg","width":488,"height":326,"mime-type":"image\/jpeg","url":"https:\/\/goldroof.pt\/wp-content\/uploads\/2021\/07\/apartamento-t2-mobilado-licenca-al-bonfim-porto-oferta-escrituras\/B05-T1-Marques-488x326.jpg"},"property-detail-video-image":{"file":"B05-T1-Marques-818x417.jpg","width":818,"height":417,"mime-type":"image\/jpeg","url":"https:\/\/goldroof.pt\/wp-content\/uploads\/2021\/07\/apartamento-t2-mobilado-licenca-al-bonfim-porto-oferta-escrituras\/B05-T1-Marques-818x417.jpg"},"agent-image":{"file":"B05-T1-Marques-210x210.jpg","width":210,"height":210,"mime-type":"image\/jpeg","url":"https:\/\/goldroof.pt\/wp-content\/uploads\/2021\/07\/apartamento-t2-mobilado-licenca-al-bonfim-porto-oferta-escrituras\/B05-T1-Marques-210x210.jpg"},"partners-logo":{"file":"B05-T1-Marques-600x2592.jpg","width":600,"height":2592,"mime-type":"image\/jpeg","url":"https:\/\/goldroof.pt\/wp-content\/uploads\/2021\/07\/apartamento-t2-mobilado-licenca-al-bonfim-porto-oferta-escrituras\/B05-T1-Marques-600x2592.jpg"},"post-featured-image":{"file":"B05-T1-Marques-1240x720.jpg","width":1240,"height":720,"mime-type":"image\/jpeg","url":"https:\/\/goldroof.pt\/wp-content\/uploads\/2021\/07\/apartamento-t2-mobilado-licenca-al-bonfim-porto-oferta-escrituras\/B05-T1-Marques-1240x720.jpg"}},"image_meta":{"aperture":"3.5","credit":"JORGE OLIVEIRA","camera":"E-M10MarkII","caption":"T1 Marqu\u00eas","created_timestamp":"0","copyright":"GOLD ROOF RE&amp;F LDA","focal_length":"14","iso":"200","shutter_speed":"0.125","title":"T1 Marqu\u00eas","orientation":"0","keywords":[]},"original_image":"B05-T1-Marques.jpg","ID":"13628","name":"B05-T1-Marques-scaled.jpg","path":"\/home\/u836199612\/domains\/goldroof.pt\/public_html\/wp-content\/uploads\/2021\/07\/apartamento-t2-mobilado-licenca-al-bonfim-porto-oferta-escrituras\/B05-T1-Marques-scaled.jpg","url":"https:\/\/goldroof.pt\/wp-content\/uploads\/2021\/07\/apartamento-t2-mobilado-licenca-al-bonfim-porto-oferta-escrituras\/B05-T1-Marques-150x150.jpg","full_url":"https:\/\/goldroof.pt\/wp-content\/uploads\/2021\/07\/apartamento-t2-mobilado-licenca-al-bonfim-porto-oferta-escrituras\/B05-T1-Marques-scaled.jpg","title":"T1 Marqu\u00eas","caption":"T1 Marqu\u00eas","description":"","alt":"","srcset":"https:\/\/goldroof.pt\/wp-content\/uploads\/2021\/07\/apartamento-t2-mobilado-licenca-al-bonfim-porto-oferta-escrituras\/B05-T1-Marques-150x150.jpg 150w, https:\/\/goldroof.pt\/wp-content\/uploads\/2021\/07\/apartamento-t2-mobilado-licenca-al-bonfim-porto-oferta-escrituras\/B05-T1-Marques-210x210.jpg 210w"},{"width":150,"height":150,"file":"2021\/07\/apartamento-t2-mobilado-licenca-al-bonfim-porto-oferta-escrituras\/B06-T1-Marques-scaled.jpg","sizes":{"medium":{"file":"B06-T1-Marques-300x169.jpg","width":300,"height":169,"mime-type":"image\/jpeg","url":"https:\/\/goldroof.pt\/wp-content\/uploads\/2021\/07\/apartamento-t2-mobilado-licenca-al-bonfim-porto-oferta-escrituras\/B06-T1-Marques-300x169.jpg"},"large":{"file":"B06-T1-Marques-1024x576.jpg","width":1024,"height":576,"mime-type":"image\/jpeg","url":"https:\/\/goldroof.pt\/wp-content\/uploads\/2021\/07\/apartamento-t2-mobilado-licenca-al-bonfim-porto-oferta-escrituras\/B06-T1-Marques-1024x576.jpg"},"thumbnail":{"file":"B06-T1-Marques-150x150.jpg","width":150,"height":150,"mime-type":"image\/jpeg","url":"https:\/\/goldroof.pt\/wp-content\/uploads\/2021\/07\/apartamento-t2-mobilado-licenca-al-bonfim-porto-oferta-escrituras\/B06-T1-Marques-150x150.jpg"},"medium_large":{"file":"B06-T1-Marques-768x432.jpg","width":768,"height":432,"mime-type":"image\/jpeg","url":"https:\/\/goldroof.pt\/wp-content\/uploads\/2021\/07\/apartamento-t2-mobilado-licenca-al-bonfim-porto-oferta-escrituras\/B06-T1-Marques-768x432.jpg"},"1536x1536":{"file":"B06-T1-Marques-1536x864.jpg","width":1536,"height":864,"mime-type":"image\/jpeg","url":"https:\/\/goldroof.pt\/wp-content\/uploads\/2021\/07\/apartamento-t2-mobilado-licenca-al-bonfim-porto-oferta-escrituras\/B06-T1-Marques-1536x864.jpg"},"2048x2048":{"file":"B06-T1-Marques-2048x1152.jpg","width":2048,"height":1152,"mime-type":"image\/jpeg","url":"https:\/\/goldroof.pt\/wp-content\/uploads\/2021\/07\/apartamento-t2-mobilado-licenca-al-bonfim-porto-oferta-escrituras\/B06-T1-Marques-2048x1152.jpg"},"post-thumbnail":{"file":"B06-T1-Marques-150x84.jpg","width":150,"height":84,"mime-type":"image\/jpeg","url":"https:\/\/goldroof.pt\/wp-content\/uploads\/2021\/07\/apartamento-t2-mobilado-licenca-al-bonfim-porto-oferta-escrituras\/B06-T1-Marques-150x84.jpg"},"modern-property-child-slider":{"file":"B06-T1-Marques-680x510.jpg","width":680,"height":510,"mime-type":"image\/jpeg","url":"https:\/\/goldroof.pt\/wp-content\/uploads\/2021\/07\/apartamento-t2-mobilado-licenca-al-bonfim-porto-oferta-escrituras\/B06-T1-Marques-680x510.jpg"},"property-thumb-image":{"file":"B06-T1-Marques-488x326.jpg","width":488,"height":326,"mime-type":"image\/jpeg","url":"https:\/\/goldroof.pt\/wp-content\/uploads\/2021\/07\/apartamento-t2-mobilado-licenca-al-bonfim-porto-oferta-escrituras\/B06-T1-Marques-488x326.jpg"},"property-detail-video-image":{"file":"B06-T1-Marques-818x417.jpg","width":818,"height":417,"mime-type":"image\/jpeg","url":"https:\/\/goldroof.pt\/wp-content\/uploads\/2021\/07\/apartamento-t2-mobilado-licenca-al-bonfim-porto-oferta-escrituras\/B06-T1-Marques-818x417.jpg"},"agent-image":{"file":"B06-T1-Marques-210x210.jpg","width":210,"height":210,"mime-type":"image\/jpeg","url":"https:\/\/goldroof.pt\/wp-content\/uploads\/2021\/07\/apartamento-t2-mobilado-licenca-al-bonfim-porto-oferta-escrituras\/B06-T1-Marques-210x210.jpg"},"partners-logo":{"file":"B06-T1-Marques-600x2592.jpg","width":600,"height":2592,"mime-type":"image\/jpeg","url":"https:\/\/goldroof.pt\/wp-content\/uploads\/2021\/07\/apartamento-t2-mobilado-licenca-al-bonfim-porto-oferta-escrituras\/B06-T1-Marques-600x2592.jpg"},"post-featured-image":{"file":"B06-T1-Marques-1240x720.jpg","width":1240,"height":720,"mime-type":"image\/jpeg","url":"https:\/\/goldroof.pt\/wp-content\/uploads\/2021\/07\/apartamento-t2-mobilado-licenca-al-bonfim-porto-oferta-escrituras\/B06-T1-Marques-1240x720.jpg"}},"image_meta":{"aperture":"3.5","credit":"JORGE OLIVEIRA","camera":"E-M10MarkII","caption":"T1 Marqu\u00eas","created_timestamp":"0","copyright":"GOLD ROOF RE&amp;F LDA","focal_length":"14","iso":"200","shutter_speed":"0.1","title":"T1 Marqu\u00eas","orientation":"0","keywords":[]},"original_image":"B06-T1-Marques.jpg","ID":"13631","name":"B06-T1-Marques-scaled.jpg","path":"\/home\/u836199612\/domains\/goldroof.pt\/public_html\/wp-content\/uploads\/2021\/07\/apartamento-t2-mobilado-licenca-al-bonfim-porto-oferta-escrituras\/B06-T1-Marques-scaled.jpg","url":"https:\/\/goldroof.pt\/wp-content\/uploads\/2021\/07\/apartamento-t2-mobilado-licenca-al-bonfim-porto-oferta-escrituras\/B06-T1-Marques-150x150.jpg","full_url":"https:\/\/goldroof.pt\/wp-content\/uploads\/2021\/07\/apartamento-t2-mobilado-licenca-al-bonfim-porto-oferta-escrituras\/B06-T1-Marques-scaled.jpg","title":"T1 Marqu\u00eas","caption":"T1 Marqu\u00eas","description":"","alt":"","srcset":"https:\/\/goldroof.pt\/wp-content\/uploads\/2021\/07\/apartamento-t2-mobilado-licenca-al-bonfim-porto-oferta-escrituras\/B06-T1-Marques-150x150.jpg 150w, https:\/\/goldroof.pt\/wp-content\/uploads\/2021\/07\/apartamento-t2-mobilado-licenca-al-bonfim-porto-oferta-escrituras\/B06-T1-Marques-210x210.jpg 210w"},{"width":150,"height":150,"file":"2021\/07\/apartamento-t2-mobilado-licenca-al-bonfim-porto-oferta-escrituras\/B07-T1-Marques-scaled.jpg","sizes":{"medium":{"file":"B07-T1-Marques-300x169.jpg","width":300,"height":169,"mime-type":"image\/jpeg","url":"https:\/\/goldroof.pt\/wp-content\/uploads\/2021\/07\/apartamento-t2-mobilado-licenca-al-bonfim-porto-oferta-escrituras\/B07-T1-Marques-300x169.jpg"},"large":{"file":"B07-T1-Marques-1024x576.jpg","width":1024,"height":576,"mime-type":"image\/jpeg","url":"https:\/\/goldroof.pt\/wp-content\/uploads\/2021\/07\/apartamento-t2-mobilado-licenca-al-bonfim-porto-oferta-escrituras\/B07-T1-Marques-1024x576.jpg"},"thumbnail":{"file":"B07-T1-Marques-150x150.jpg","width":150,"height":150,"mime-type":"image\/jpeg","url":"https:\/\/goldroof.pt\/wp-content\/uploads\/2021\/07\/apartamento-t2-mobilado-licenca-al-bonfim-porto-oferta-escrituras\/B07-T1-Marques-150x150.jpg"},"medium_large":{"file":"B07-T1-Marques-768x432.jpg","width":768,"height":432,"mime-type":"image\/jpeg","url":"https:\/\/goldroof.pt\/wp-content\/uploads\/2021\/07\/apartamento-t2-mobilado-licenca-al-bonfim-porto-oferta-escrituras\/B07-T1-Marques-768x432.jpg"},"1536x1536":{"file":"B07-T1-Marques-1536x864.jpg","width":1536,"height":864,"mime-type":"image\/jpeg","url":"https:\/\/goldroof.pt\/wp-content\/uploads\/2021\/07\/apartamento-t2-mobilado-licenca-al-bonfim-porto-oferta-escrituras\/B07-T1-Marques-1536x864.jpg"},"2048x2048":{"file":"B07-T1-Marques-2048x1152.jpg","width":2048,"height":1152,"mime-type":"image\/jpeg","url":"https:\/\/goldroof.pt\/wp-content\/uploads\/2021\/07\/apartamento-t2-mobilado-licenca-al-bonfim-porto-oferta-escrituras\/B07-T1-Marques-2048x1152.jpg"},"post-thumbnail":{"file":"B07-T1-Marques-150x84.jpg","width":150,"height":84,"mime-type":"image\/jpeg","url":"https:\/\/goldroof.pt\/wp-content\/uploads\/2021\/07\/apartamento-t2-mobilado-licenca-al-bonfim-porto-oferta-escrituras\/B07-T1-Marques-150x84.jpg"},"modern-property-child-slider":{"file":"B07-T1-Marques-680x510.jpg","width":680,"height":510,"mime-type":"image\/jpeg","url":"https:\/\/goldroof.pt\/wp-content\/uploads\/2021\/07\/apartamento-t2-mobilado-licenca-al-bonfim-porto-oferta-escrituras\/B07-T1-Marques-680x510.jpg"},"property-thumb-image":{"file":"B07-T1-Marques-488x326.jpg","width":488,"height":326,"mime-type":"image\/jpeg","url":"https:\/\/goldroof.pt\/wp-content\/uploads\/2021\/07\/apartamento-t2-mobilado-licenca-al-bonfim-porto-oferta-escrituras\/B07-T1-Marques-488x326.jpg"},"property-detail-video-image":{"file":"B07-T1-Marques-818x417.jpg","width":818,"height":417,"mime-type":"image\/jpeg","url":"https:\/\/goldroof.pt\/wp-content\/uploads\/2021\/07\/apartamento-t2-mobilado-licenca-al-bonfim-porto-oferta-escrituras\/B07-T1-Marques-818x417.jpg"},"agent-image":{"file":"B07-T1-Marques-210x210.jpg","width":210,"height":210,"mime-type":"image\/jpeg","url":"https:\/\/goldroof.pt\/wp-content\/uploads\/2021\/07\/apartamento-t2-mobilado-licenca-al-bonfim-porto-oferta-escrituras\/B07-T1-Marques-210x210.jpg"},"partners-logo":{"file":"B07-T1-Marques-600x2592.jpg","width":600,"height":2592,"mime-type":"image\/jpeg","url":"https:\/\/goldroof.pt\/wp-content\/uploads\/2021\/07\/apartamento-t2-mobilado-licenca-al-bonfim-porto-oferta-escrituras\/B07-T1-Marques-600x2592.jpg"},"post-featured-image":{"file":"B07-T1-Marques-1240x720.jpg","width":1240,"height":720,"mime-type":"image\/jpeg","url":"https:\/\/goldroof.pt\/wp-content\/uploads\/2021\/07\/apartamento-t2-mobilado-licenca-al-bonfim-porto-oferta-escrituras\/B07-T1-Marques-1240x720.jpg"}},"image_meta":{"aperture":"3.5","credit":"JORGE OLIVEIRA","camera":"E-M10MarkII","caption":"T1 Marqu\u00eas","created_timestamp":"0","copyright":"GOLD ROOF RE&amp;F LDA","focal_length":"14","iso":"200","shutter_speed":"0.125","title":"T1 Marqu\u00eas","orientation":"0","keywords":[]},"original_image":"B07-T1-Marques.jpg","ID":"13634","name":"B07-T1-Marques-scaled.jpg","path":"\/home\/u836199612\/domains\/goldroof.pt\/public_html\/wp-content\/uploads\/2021\/07\/apartamento-t2-mobilado-licenca-al-bonfim-porto-oferta-escrituras\/B07-T1-Marques-scaled.jpg","url":"https:\/\/goldroof.pt\/wp-content\/uploads\/2021\/07\/apartamento-t2-mobilado-licenca-al-bonfim-porto-oferta-escrituras\/B07-T1-Marques-150x150.jpg","full_url":"https:\/\/goldroof.pt\/wp-content\/uploads\/2021\/07\/apartamento-t2-mobilado-licenca-al-bonfim-porto-oferta-escrituras\/B07-T1-Marques-scaled.jpg","title":"T1 Marqu\u00eas","caption":"T1 Marqu\u00eas","description":"","alt":"","srcset":"https:\/\/goldroof.pt\/wp-content\/uploads\/2021\/07\/apartamento-t2-mobilado-licenca-al-bonfim-porto-oferta-escrituras\/B07-T1-Marques-150x150.jpg 150w, https:\/\/goldroof.pt\/wp-content\/uploads\/2021\/07\/apartamento-t2-mobilado-licenca-al-bonfim-porto-oferta-escrituras\/B07-T1-Marques-210x210.jpg 210w"},{"width":150,"height":150,"file":"2021\/07\/apartamento-t2-mobilado-licenca-al-bonfim-porto-oferta-escrituras\/B08-T1-Marques-scaled.jpg","sizes":{"medium":{"file":"B08-T1-Marques-300x169.jpg","width":300,"height":169,"mime-type":"image\/jpeg","url":"https:\/\/goldroof.pt\/wp-content\/uploads\/2021\/07\/apartamento-t2-mobilado-licenca-al-bonfim-porto-oferta-escrituras\/B08-T1-Marques-300x169.jpg"},"large":{"file":"B08-T1-Marques-1024x576.jpg","width":1024,"height":576,"mime-type":"image\/jpeg","url":"https:\/\/goldroof.pt\/wp-content\/uploads\/2021\/07\/apartamento-t2-mobilado-licenca-al-bonfim-porto-oferta-escrituras\/B08-T1-Marques-1024x576.jpg"},"thumbnail":{"file":"B08-T1-Marques-150x150.jpg","width":150,"height":150,"mime-type":"image\/jpeg","url":"https:\/\/goldroof.pt\/wp-content\/uploads\/2021\/07\/apartamento-t2-mobilado-licenca-al-bonfim-porto-oferta-escrituras\/B08-T1-Marques-150x150.jpg"},"medium_large":{"file":"B08-T1-Marques-768x432.jpg","width":768,"height":432,"mime-type":"image\/jpeg","url":"https:\/\/goldroof.pt\/wp-content\/uploads\/2021\/07\/apartamento-t2-mobilado-licenca-al-bonfim-porto-oferta-escrituras\/B08-T1-Marques-768x432.jpg"},"1536x1536":{"file":"B08-T1-Marques-1536x864.jpg","width":1536,"height":864,"mime-type":"image\/jpeg","url":"https:\/\/goldroof.pt\/wp-content\/uploads\/2021\/07\/apartamento-t2-mobilado-licenca-al-bonfim-porto-oferta-escrituras\/B08-T1-Marques-1536x864.jpg"},"2048x2048":{"file":"B08-T1-Marques-2048x1152.jpg","width":2048,"height":1152,"mime-type":"image\/jpeg","url":"https:\/\/goldroof.pt\/wp-content\/uploads\/2021\/07\/apartamento-t2-mobilado-licenca-al-bonfim-porto-oferta-escrituras\/B08-T1-Marques-2048x1152.jpg"},"post-thumbnail":{"file":"B08-T1-Marques-150x84.jpg","width":150,"height":84,"mime-type":"image\/jpeg","url":"https:\/\/goldroof.pt\/wp-content\/uploads\/2021\/07\/apartamento-t2-mobilado-licenca-al-bonfim-porto-oferta-escrituras\/B08-T1-Marques-150x84.jpg"},"modern-property-child-slider":{"file":"B08-T1-Marques-680x510.jpg","width":680,"height":510,"mime-type":"image\/jpeg","url":"https:\/\/goldroof.pt\/wp-content\/uploads\/2021\/07\/apartamento-t2-mobilado-licenca-al-bonfim-porto-oferta-escrituras\/B08-T1-Marques-680x510.jpg"},"property-thumb-image":{"file":"B08-T1-Marques-488x326.jpg","width":488,"height":326,"mime-type":"image\/jpeg","url":"https:\/\/goldroof.pt\/wp-content\/uploads\/2021\/07\/apartamento-t2-mobilado-licenca-al-bonfim-porto-oferta-escrituras\/B08-T1-Marques-488x326.jpg"},"property-detail-video-image":{"file":"B08-T1-Marques-818x417.jpg","width":818,"height":417,"mime-type":"image\/jpeg","url":"https:\/\/goldroof.pt\/wp-content\/uploads\/2021\/07\/apartamento-t2-mobilado-licenca-al-bonfim-porto-oferta-escrituras\/B08-T1-Marques-818x417.jpg"},"agent-image":{"file":"B08-T1-Marques-210x210.jpg","width":210,"height":210,"mime-type":"image\/jpeg","url":"https:\/\/goldroof.pt\/wp-content\/uploads\/2021\/07\/apartamento-t2-mobilado-licenca-al-bonfim-porto-oferta-escrituras\/B08-T1-Marques-210x210.jpg"},"partners-logo":{"file":"B08-T1-Marques-600x2592.jpg","width":600,"height":2592,"mime-type":"image\/jpeg","url":"https:\/\/goldroof.pt\/wp-content\/uploads\/2021\/07\/apartamento-t2-mobilado-licenca-al-bonfim-porto-oferta-escrituras\/B08-T1-Marques-600x2592.jpg"},"post-featured-image":{"file":"B08-T1-Marques-1240x720.jpg","width":1240,"height":720,"mime-type":"image\/jpeg","url":"https:\/\/goldroof.pt\/wp-content\/uploads\/2021\/07\/apartamento-t2-mobilado-licenca-al-bonfim-porto-oferta-escrituras\/B08-T1-Marques-1240x720.jpg"}},"image_meta":{"aperture":"3.5","credit":"JORGE OLIVEIRA","camera":"E-M10MarkII","caption":"T1 Marqu\u00eas","created_timestamp":"0","copyright":"GOLD ROOF RE&amp;F LDA","focal_length":"14","iso":"200","shutter_speed":"0.25","title":"T1 Marqu\u00eas","orientation":"0","keywords":[]},"original_image":"B08-T1-Marques.jpg","ID":"13637","name":"B08-T1-Marques-scaled.jpg","path":"\/home\/u836199612\/domains\/goldroof.pt\/public_html\/wp-content\/uploads\/2021\/07\/apartamento-t2-mobilado-licenca-al-bonfim-porto-oferta-escrituras\/B08-T1-Marques-scaled.jpg","url":"https:\/\/goldroof.pt\/wp-content\/uploads\/2021\/07\/apartamento-t2-mobilado-licenca-al-bonfim-porto-oferta-escrituras\/B08-T1-Marques-150x150.jpg","full_url":"https:\/\/goldroof.pt\/wp-content\/uploads\/2021\/07\/apartamento-t2-mobilado-licenca-al-bonfim-porto-oferta-escrituras\/B08-T1-Marques-scaled.jpg","title":"T1 Marqu\u00eas","caption":"T1 Marqu\u00eas","description":"","alt":"","srcset":"https:\/\/goldroof.pt\/wp-content\/uploads\/2021\/07\/apartamento-t2-mobilado-licenca-al-bonfim-porto-oferta-escrituras\/B08-T1-Marques-150x150.jpg 150w, https:\/\/goldroof.pt\/wp-content\/uploads\/2021\/07\/apartamento-t2-mobilado-licenca-al-bonfim-porto-oferta-escrituras\/B08-T1-Marques-210x210.jpg 210w"},{"width":150,"height":150,"file":"2021\/07\/apartamento-t2-mobilado-licenca-al-bonfim-porto-oferta-escrituras\/B09-T1-Marques-scaled.jpg","sizes":{"medium":{"file":"B09-T1-Marques-300x169.jpg","width":300,"height":169,"mime-type":"image\/jpeg","url":"https:\/\/goldroof.pt\/wp-content\/uploads\/2021\/07\/apartamento-t2-mobilado-licenca-al-bonfim-porto-oferta-escrituras\/B09-T1-Marques-300x169.jpg"},"large":{"file":"B09-T1-Marques-1024x576.jpg","width":1024,"height":576,"mime-type":"image\/jpeg","url":"https:\/\/goldroof.pt\/wp-content\/uploads\/2021\/07\/apartamento-t2-mobilado-licenca-al-bonfim-porto-oferta-escrituras\/B09-T1-Marques-1024x576.jpg"},"thumbnail":{"file":"B09-T1-Marques-150x150.jpg","width":150,"height":150,"mime-type":"image\/jpeg","url":"https:\/\/goldroof.pt\/wp-content\/uploads\/2021\/07\/apartamento-t2-mobilado-licenca-al-bonfim-porto-oferta-escrituras\/B09-T1-Marques-150x150.jpg"},"medium_large":{"file":"B09-T1-Marques-768x432.jpg","width":768,"height":432,"mime-type":"image\/jpeg","url":"https:\/\/goldroof.pt\/wp-content\/uploads\/2021\/07\/apartamento-t2-mobilado-licenca-al-bonfim-porto-oferta-escrituras\/B09-T1-Marques-768x432.jpg"},"1536x1536":{"file":"B09-T1-Marques-1536x864.jpg","width":1536,"height":864,"mime-type":"image\/jpeg","url":"https:\/\/goldroof.pt\/wp-content\/uploads\/2021\/07\/apartamento-t2-mobilado-licenca-al-bonfim-porto-oferta-escrituras\/B09-T1-Marques-1536x864.jpg"},"2048x2048":{"file":"B09-T1-Marques-2048x1152.jpg","width":2048,"height":1152,"mime-type":"image\/jpeg","url":"https:\/\/goldroof.pt\/wp-content\/uploads\/2021\/07\/apartamento-t2-mobilado-licenca-al-bonfim-porto-oferta-escrituras\/B09-T1-Marques-2048x1152.jpg"},"post-thumbnail":{"file":"B09-T1-Marques-150x84.jpg","width":150,"height":84,"mime-type":"image\/jpeg","url":"https:\/\/goldroof.pt\/wp-content\/uploads\/2021\/07\/apartamento-t2-mobilado-licenca-al-bonfim-porto-oferta-escrituras\/B09-T1-Marques-150x84.jpg"},"modern-property-child-slider":{"file":"B09-T1-Marques-680x510.jpg","width":680,"height":510,"mime-type":"image\/jpeg","url":"https:\/\/goldroof.pt\/wp-content\/uploads\/2021\/07\/apartamento-t2-mobilado-licenca-al-bonfim-porto-oferta-escrituras\/B09-T1-Marques-680x510.jpg"},"property-thumb-image":{"file":"B09-T1-Marques-488x326.jpg","width":488,"height":326,"mime-type":"image\/jpeg","url":"https:\/\/goldroof.pt\/wp-content\/uploads\/2021\/07\/apartamento-t2-mobilado-licenca-al-bonfim-porto-oferta-escrituras\/B09-T1-Marques-488x326.jpg"},"property-detail-video-image":{"file":"B09-T1-Marques-818x417.jpg","width":818,"height":417,"mime-type":"image\/jpeg","url":"https:\/\/goldroof.pt\/wp-content\/uploads\/2021\/07\/apartamento-t2-mobilado-licenca-al-bonfim-porto-oferta-escrituras\/B09-T1-Marques-818x417.jpg"},"agent-image":{"file":"B09-T1-Marques-210x210.jpg","width":210,"height":210,"mime-type":"image\/jpeg","url":"https:\/\/goldroof.pt\/wp-content\/uploads\/2021\/07\/apartamento-t2-mobilado-licenca-al-bonfim-porto-oferta-escrituras\/B09-T1-Marques-210x210.jpg"},"partners-logo":{"file":"B09-T1-Marques-600x2592.jpg","width":600,"height":2592,"mime-type":"image\/jpeg","url":"https:\/\/goldroof.pt\/wp-content\/uploads\/2021\/07\/apartamento-t2-mobilado-licenca-al-bonfim-porto-oferta-escrituras\/B09-T1-Marques-600x2592.jpg"},"post-featured-image":{"file":"B09-T1-Marques-1240x720.jpg","width":1240,"height":720,"mime-type":"image\/jpeg","url":"https:\/\/goldroof.pt\/wp-content\/uploads\/2021\/07\/apartamento-t2-mobilado-licenca-al-bonfim-porto-oferta-escrituras\/B09-T1-Marques-1240x720.jpg"}},"image_meta":{"aperture":"3.5","credit":"JORGE OLIVEIRA","camera":"E-M10MarkII","caption":"T1 Marqu\u00eas","created_timestamp":"0","copyright":"GOLD ROOF RE&amp;F LDA","focal_length":"14","iso":"200","shutter_speed":"0.076923076923077","title":"T1 Marqu\u00eas","orientation":"0","keywords":[]},"original_image":"B09-T1-Marques.jpg","ID":"13640","name":"B09-T1-Marques-scaled.jpg","path":"\/home\/u836199612\/domains\/goldroof.pt\/public_html\/wp-content\/uploads\/2021\/07\/apartamento-t2-mobilado-licenca-al-bonfim-porto-oferta-escrituras\/B09-T1-Marques-scaled.jpg","url":"https:\/\/goldroof.pt\/wp-content\/uploads\/2021\/07\/apartamento-t2-mobilado-licenca-al-bonfim-porto-oferta-escrituras\/B09-T1-Marques-150x150.jpg","full_url":"https:\/\/goldroof.pt\/wp-content\/uploads\/2021\/07\/apartamento-t2-mobilado-licenca-al-bonfim-porto-oferta-escrituras\/B09-T1-Marques-scaled.jpg","title":"T1 Marqu\u00eas","caption":"T1 Marqu\u00eas","description":"","alt":"","srcset":"https:\/\/goldroof.pt\/wp-content\/uploads\/2021\/07\/apartamento-t2-mobilado-licenca-al-bonfim-porto-oferta-escrituras\/B09-T1-Marques-150x150.jpg 150w, https:\/\/goldroof.pt\/wp-content\/uploads\/2021\/07\/apartamento-t2-mobilado-licenca-al-bonfim-porto-oferta-escrituras\/B09-T1-Marques-210x210.jpg 210w"},{"width":150,"height":150,"file":"2021\/07\/apartamento-t2-mobilado-licenca-al-bonfim-porto-oferta-escrituras\/C01-T1-Marques-scaled.jpg","sizes":{"medium":{"file":"C01-T1-Marques-300x169.jpg","width":300,"height":169,"mime-type":"image\/jpeg","url":"https:\/\/goldroof.pt\/wp-content\/uploads\/2021\/07\/apartamento-t2-mobilado-licenca-al-bonfim-porto-oferta-escrituras\/C01-T1-Marques-300x169.jpg"},"large":{"file":"C01-T1-Marques-1024x576.jpg","width":1024,"height":576,"mime-type":"image\/jpeg","url":"https:\/\/goldroof.pt\/wp-content\/uploads\/2021\/07\/apartamento-t2-mobilado-licenca-al-bonfim-porto-oferta-escrituras\/C01-T1-Marques-1024x576.jpg"},"thumbnail":{"file":"C01-T1-Marques-150x150.jpg","width":150,"height":150,"mime-type":"image\/jpeg","url":"https:\/\/goldroof.pt\/wp-content\/uploads\/2021\/07\/apartamento-t2-mobilado-licenca-al-bonfim-porto-oferta-escrituras\/C01-T1-Marques-150x150.jpg"},"medium_large":{"file":"C01-T1-Marques-768x432.jpg","width":768,"height":432,"mime-type":"image\/jpeg","url":"https:\/\/goldroof.pt\/wp-content\/uploads\/2021\/07\/apartamento-t2-mobilado-licenca-al-bonfim-porto-oferta-escrituras\/C01-T1-Marques-768x432.jpg"},"1536x1536":{"file":"C01-T1-Marques-1536x864.jpg","width":1536,"height":864,"mime-type":"image\/jpeg","url":"https:\/\/goldroof.pt\/wp-content\/uploads\/2021\/07\/apartamento-t2-mobilado-licenca-al-bonfim-porto-oferta-escrituras\/C01-T1-Marques-1536x864.jpg"},"2048x2048":{"file":"C01-T1-Marques-2048x1152.jpg","width":2048,"height":1152,"mime-type":"image\/jpeg","url":"https:\/\/goldroof.pt\/wp-content\/uploads\/2021\/07\/apartamento-t2-mobilado-licenca-al-bonfim-porto-oferta-escrituras\/C01-T1-Marques-2048x1152.jpg"},"post-thumbnail":{"file":"C01-T1-Marques-150x84.jpg","width":150,"height":84,"mime-type":"image\/jpeg","url":"https:\/\/goldroof.pt\/wp-content\/uploads\/2021\/07\/apartamento-t2-mobilado-licenca-al-bonfim-porto-oferta-escrituras\/C01-T1-Marques-150x84.jpg"},"modern-property-child-slider":{"file":"C01-T1-Marques-680x510.jpg","width":680,"height":510,"mime-type":"image\/jpeg","url":"https:\/\/goldroof.pt\/wp-content\/uploads\/2021\/07\/apartamento-t2-mobilado-licenca-al-bonfim-porto-oferta-escrituras\/C01-T1-Marques-680x510.jpg"},"property-thumb-image":{"file":"C01-T1-Marques-488x326.jpg","width":488,"height":326,"mime-type":"image\/jpeg","url":"https:\/\/goldroof.pt\/wp-content\/uploads\/2021\/07\/apartamento-t2-mobilado-licenca-al-bonfim-porto-oferta-escrituras\/C01-T1-Marques-488x326.jpg"},"property-detail-video-image":{"file":"C01-T1-Marques-818x417.jpg","width":818,"height":417,"mime-type":"image\/jpeg","url":"https:\/\/goldroof.pt\/wp-content\/uploads\/2021\/07\/apartamento-t2-mobilado-licenca-al-bonfim-porto-oferta-escrituras\/C01-T1-Marques-818x417.jpg"},"agent-image":{"file":"C01-T1-Marques-210x210.jpg","width":210,"height":210,"mime-type":"image\/jpeg","url":"https:\/\/goldroof.pt\/wp-content\/uploads\/2021\/07\/apartamento-t2-mobilado-licenca-al-bonfim-porto-oferta-escrituras\/C01-T1-Marques-210x210.jpg"},"partners-logo":{"file":"C01-T1-Marques-600x2592.jpg","width":600,"height":2592,"mime-type":"image\/jpeg","url":"https:\/\/goldroof.pt\/wp-content\/uploads\/2021\/07\/apartamento-t2-mobilado-licenca-al-bonfim-porto-oferta-escrituras\/C01-T1-Marques-600x2592.jpg"},"post-featured-image":{"file":"C01-T1-Marques-1240x720.jpg","width":1240,"height":720,"mime-type":"image\/jpeg","url":"https:\/\/goldroof.pt\/wp-content\/uploads\/2021\/07\/apartamento-t2-mobilado-licenca-al-bonfim-porto-oferta-escrituras\/C01-T1-Marques-1240x720.jpg"}},"image_meta":{"aperture":"3.5","credit":"JORGE OLIVEIRA","camera":"E-M10MarkII","caption":"T1 Marqu\u00eas","created_timestamp":"0","copyright":"GOLD ROOF RE&amp;F LDA","focal_length":"14","iso":"200","shutter_speed":"0.125","title":"T1 Marqu\u00eas","orientation":"0","keywords":[]},"original_image":"C01-T1-Marques.jpg","ID":"13643","name":"C01-T1-Marques-scaled.jpg","path":"\/home\/u836199612\/domains\/goldroof.pt\/public_html\/wp-content\/uploads\/2021\/07\/apartamento-t2-mobilado-licenca-al-bonfim-porto-oferta-escrituras\/C01-T1-Marques-scaled.jpg","url":"https:\/\/goldroof.pt\/wp-content\/uploads\/2021\/07\/apartamento-t2-mobilado-licenca-al-bonfim-porto-oferta-escrituras\/C01-T1-Marques-150x150.jpg","full_url":"https:\/\/goldroof.pt\/wp-content\/uploads\/2021\/07\/apartamento-t2-mobilado-licenca-al-bonfim-porto-oferta-escrituras\/C01-T1-Marques-scaled.jpg","title":"T1 Marqu\u00eas","caption":"T1 Marqu\u00eas","description":"","alt":"","srcset":"https:\/\/goldroof.pt\/wp-content\/uploads\/2021\/07\/apartamento-t2-mobilado-licenca-al-bonfim-porto-oferta-escrituras\/C01-T1-Marques-150x150.jpg 150w, https:\/\/goldroof.pt\/wp-content\/uploads\/2021\/07\/apartamento-t2-mobilado-licenca-al-bonfim-porto-oferta-escrituras\/C01-T1-Marques-210x210.jpg 210w"},{"width":150,"height":150,"file":"2021\/07\/apartamento-t2-mobilado-licenca-al-bonfim-porto-oferta-escrituras\/C02-T1-Marques-scaled.jpg","sizes":{"medium":{"file":"C02-T1-Marques-300x169.jpg","width":300,"height":169,"mime-type":"image\/jpeg","url":"https:\/\/goldroof.pt\/wp-content\/uploads\/2021\/07\/apartamento-t2-mobilado-licenca-al-bonfim-porto-oferta-escrituras\/C02-T1-Marques-300x169.jpg"},"large":{"file":"C02-T1-Marques-1024x576.jpg","width":1024,"height":576,"mime-type":"image\/jpeg","url":"https:\/\/goldroof.pt\/wp-content\/uploads\/2021\/07\/apartamento-t2-mobilado-licenca-al-bonfim-porto-oferta-escrituras\/C02-T1-Marques-1024x576.jpg"},"thumbnail":{"file":"C02-T1-Marques-150x150.jpg","width":150,"height":150,"mime-type":"image\/jpeg","url":"https:\/\/goldroof.pt\/wp-content\/uploads\/2021\/07\/apartamento-t2-mobilado-licenca-al-bonfim-porto-oferta-escrituras\/C02-T1-Marques-150x150.jpg"},"medium_large":{"file":"C02-T1-Marques-768x432.jpg","width":768,"height":432,"mime-type":"image\/jpeg","url":"https:\/\/goldroof.pt\/wp-content\/uploads\/2021\/07\/apartamento-t2-mobilado-licenca-al-bonfim-porto-oferta-escrituras\/C02-T1-Marques-768x432.jpg"},"1536x1536":{"file":"C02-T1-Marques-1536x864.jpg","width":1536,"height":864,"mime-type":"image\/jpeg","url":"https:\/\/goldroof.pt\/wp-content\/uploads\/2021\/07\/apartamento-t2-mobilado-licenca-al-bonfim-porto-oferta-escrituras\/C02-T1-Marques-1536x864.jpg"},"2048x2048":{"file":"C02-T1-Marques-2048x1152.jpg","width":2048,"height":1152,"mime-type":"image\/jpeg","url":"https:\/\/goldroof.pt\/wp-content\/uploads\/2021\/07\/apartamento-t2-mobilado-licenca-al-bonfim-porto-oferta-escrituras\/C02-T1-Marques-2048x1152.jpg"},"post-thumbnail":{"file":"C02-T1-Marques-150x84.jpg","width":150,"height":84,"mime-type":"image\/jpeg","url":"https:\/\/goldroof.pt\/wp-content\/uploads\/2021\/07\/apartamento-t2-mobilado-licenca-al-bonfim-porto-oferta-escrituras\/C02-T1-Marques-150x84.jpg"},"modern-property-child-slider":{"file":"C02-T1-Marques-680x510.jpg","width":680,"height":510,"mime-type":"image\/jpeg","url":"https:\/\/goldroof.pt\/wp-content\/uploads\/2021\/07\/apartamento-t2-mobilado-licenca-al-bonfim-porto-oferta-escrituras\/C02-T1-Marques-680x510.jpg"},"property-thumb-image":{"file":"C02-T1-Marques-488x326.jpg","width":488,"height":326,"mime-type":"image\/jpeg","url":"https:\/\/goldroof.pt\/wp-content\/uploads\/2021\/07\/apartamento-t2-mobilado-licenca-al-bonfim-porto-oferta-escrituras\/C02-T1-Marques-488x326.jpg"},"property-detail-video-image":{"file":"C02-T1-Marques-818x417.jpg","width":818,"height":417,"mime-type":"image\/jpeg","url":"https:\/\/goldroof.pt\/wp-content\/uploads\/2021\/07\/apartamento-t2-mobilado-licenca-al-bonfim-porto-oferta-escrituras\/C02-T1-Marques-818x417.jpg"},"agent-image":{"file":"C02-T1-Marques-210x210.jpg","width":210,"height":210,"mime-type":"image\/jpeg","url":"https:\/\/goldroof.pt\/wp-content\/uploads\/2021\/07\/apartamento-t2-mobilado-licenca-al-bonfim-porto-oferta-escrituras\/C02-T1-Marques-210x210.jpg"},"partners-logo":{"file":"C02-T1-Marques-600x2592.jpg","width":600,"height":2592,"mime-type":"image\/jpeg","url":"https:\/\/goldroof.pt\/wp-content\/uploads\/2021\/07\/apartamento-t2-mobilado-licenca-al-bonfim-porto-oferta-escrituras\/C02-T1-Marques-600x2592.jpg"},"post-featured-image":{"file":"C02-T1-Marques-1240x720.jpg","width":1240,"height":720,"mime-type":"image\/jpeg","url":"https:\/\/goldroof.pt\/wp-content\/uploads\/2021\/07\/apartamento-t2-mobilado-licenca-al-bonfim-porto-oferta-escrituras\/C02-T1-Marques-1240x720.jpg"}},"image_meta":{"aperture":"3.5","credit":"JORGE OLIVEIRA","camera":"E-M10MarkII","caption":"T1 Marqu\u00eas","created_timestamp":"0","copyright":"GOLD ROOF RE&amp;F LDA","focal_length":"14","iso":"200","shutter_speed":"0.1","title":"T1 Marqu\u00eas","orientation":"0","keywords":[]},"original_image":"C02-T1-Marques.jpg","ID":"13646","name":"C02-T1-Marques-scaled.jpg","path":"\/home\/u836199612\/domains\/goldroof.pt\/public_html\/wp-content\/uploads\/2021\/07\/apartamento-t2-mobilado-licenca-al-bonfim-porto-oferta-escrituras\/C02-T1-Marques-scaled.jpg","url":"https:\/\/goldroof.pt\/wp-content\/uploads\/2021\/07\/apartamento-t2-mobilado-licenca-al-bonfim-porto-oferta-escrituras\/C02-T1-Marques-150x150.jpg","full_url":"https:\/\/goldroof.pt\/wp-content\/uploads\/2021\/07\/apartamento-t2-mobilado-licenca-al-bonfim-porto-oferta-escrituras\/C02-T1-Marques-scaled.jpg","title":"T1 Marqu\u00eas","caption":"T1 Marqu\u00eas","description":"","alt":"","srcset":"https:\/\/goldroof.pt\/wp-content\/uploads\/2021\/07\/apartamento-t2-mobilado-licenca-al-bonfim-porto-oferta-escrituras\/C02-T1-Marques-150x150.jpg 150w, https:\/\/goldroof.pt\/wp-content\/uploads\/2021\/07\/apartamento-t2-mobilado-licenca-al-bonfim-porto-oferta-escrituras\/C02-T1-Marques-210x210.jpg 210w"},{"width":150,"height":150,"file":"2021\/07\/apartamento-t2-mobilado-licenca-al-bonfim-porto-oferta-escrituras\/C03-T1-Marques-scaled.jpg","sizes":{"medium":{"file":"C03-T1-Marques-300x169.jpg","width":300,"height":169,"mime-type":"image\/jpeg","url":"https:\/\/goldroof.pt\/wp-content\/uploads\/2021\/07\/apartamento-t2-mobilado-licenca-al-bonfim-porto-oferta-escrituras\/C03-T1-Marques-300x169.jpg"},"large":{"file":"C03-T1-Marques-1024x576.jpg","width":1024,"height":576,"mime-type":"image\/jpeg","url":"https:\/\/goldroof.pt\/wp-content\/uploads\/2021\/07\/apartamento-t2-mobilado-licenca-al-bonfim-porto-oferta-escrituras\/C03-T1-Marques-1024x576.jpg"},"thumbnail":{"file":"C03-T1-Marques-150x150.jpg","width":150,"height":150,"mime-type":"image\/jpeg","url":"https:\/\/goldroof.pt\/wp-content\/uploads\/2021\/07\/apartamento-t2-mobilado-licenca-al-bonfim-porto-oferta-escrituras\/C03-T1-Marques-150x150.jpg"},"medium_large":{"file":"C03-T1-Marques-768x432.jpg","width":768,"height":432,"mime-type":"image\/jpeg","url":"https:\/\/goldroof.pt\/wp-content\/uploads\/2021\/07\/apartamento-t2-mobilado-licenca-al-bonfim-porto-oferta-escrituras\/C03-T1-Marques-768x432.jpg"},"1536x1536":{"file":"C03-T1-Marques-1536x864.jpg","width":1536,"height":864,"mime-type":"image\/jpeg","url":"https:\/\/goldroof.pt\/wp-content\/uploads\/2021\/07\/apartamento-t2-mobilado-licenca-al-bonfim-porto-oferta-escrituras\/C03-T1-Marques-1536x864.jpg"},"2048x2048":{"file":"C03-T1-Marques-2048x1152.jpg","width":2048,"height":1152,"mime-type":"image\/jpeg","url":"https:\/\/goldroof.pt\/wp-content\/uploads\/2021\/07\/apartamento-t2-mobilado-licenca-al-bonfim-porto-oferta-escrituras\/C03-T1-Marques-2048x1152.jpg"},"post-thumbnail":{"file":"C03-T1-Marques-150x84.jpg","width":150,"height":84,"mime-type":"image\/jpeg","url":"https:\/\/goldroof.pt\/wp-content\/uploads\/2021\/07\/apartamento-t2-mobilado-licenca-al-bonfim-porto-oferta-escrituras\/C03-T1-Marques-150x84.jpg"},"modern-property-child-slider":{"file":"C03-T1-Marques-680x510.jpg","width":680,"height":510,"mime-type":"image\/jpeg","url":"https:\/\/goldroof.pt\/wp-content\/uploads\/2021\/07\/apartamento-t2-mobilado-licenca-al-bonfim-porto-oferta-escrituras\/C03-T1-Marques-680x510.jpg"},"property-thumb-image":{"file":"C03-T1-Marques-488x326.jpg","width":488,"height":326,"mime-type":"image\/jpeg","url":"https:\/\/goldroof.pt\/wp-content\/uploads\/2021\/07\/apartamento-t2-mobilado-licenca-al-bonfim-porto-oferta-escrituras\/C03-T1-Marques-488x326.jpg"},"property-detail-video-image":{"file":"C03-T1-Marques-818x417.jpg","width":818,"height":417,"mime-type":"image\/jpeg","url":"https:\/\/goldroof.pt\/wp-content\/uploads\/2021\/07\/apartamento-t2-mobilado-licenca-al-bonfim-porto-oferta-escrituras\/C03-T1-Marques-818x417.jpg"},"agent-image":{"file":"C03-T1-Marques-210x210.jpg","width":210,"height":210,"mime-type":"image\/jpeg","url":"https:\/\/goldroof.pt\/wp-content\/uploads\/2021\/07\/apartamento-t2-mobilado-licenca-al-bonfim-porto-oferta-escrituras\/C03-T1-Marques-210x210.jpg"},"partners-logo":{"file":"C03-T1-Marques-600x2592.jpg","width":600,"height":2592,"mime-type":"image\/jpeg","url":"https:\/\/goldroof.pt\/wp-content\/uploads\/2021\/07\/apartamento-t2-mobilado-licenca-al-bonfim-porto-oferta-escrituras\/C03-T1-Marques-600x2592.jpg"},"post-featured-image":{"file":"C03-T1-Marques-1240x720.jpg","width":1240,"height":720,"mime-type":"image\/jpeg","url":"https:\/\/goldroof.pt\/wp-content\/uploads\/2021\/07\/apartamento-t2-mobilado-licenca-al-bonfim-porto-oferta-escrituras\/C03-T1-Marques-1240x720.jpg"}},"image_meta":{"aperture":"3.5","credit":"JORGE OLIVEIRA","camera":"E-M10MarkII","caption":"T1 Marqu\u00eas","created_timestamp":"0","copyright":"GOLD ROOF RE&amp;F LDA","focal_length":"14","iso":"200","shutter_speed":"0.076923076923077","title":"T1 Marqu\u00eas","orientation":"0","keywords":[]},"original_image":"C03-T1-Marques.jpg","ID":"13649","name":"C03-T1-Marques-scaled.jpg","path":"\/home\/u836199612\/domains\/goldroof.pt\/public_html\/wp-content\/uploads\/2021\/07\/apartamento-t2-mobilado-licenca-al-bonfim-porto-oferta-escrituras\/C03-T1-Marques-scaled.jpg","url":"https:\/\/goldroof.pt\/wp-content\/uploads\/2021\/07\/apartamento-t2-mobilado-licenca-al-bonfim-porto-oferta-escrituras\/C03-T1-Marques-150x150.jpg","full_url":"https:\/\/goldroof.pt\/wp-content\/uploads\/2021\/07\/apartamento-t2-mobilado-licenca-al-bonfim-porto-oferta-escrituras\/C03-T1-Marques-scaled.jpg","title":"T1 Marqu\u00eas","caption":"T1 Marqu\u00eas","description":"","alt":"","srcset":"https:\/\/goldroof.pt\/wp-content\/uploads\/2021\/07\/apartamento-t2-mobilado-licenca-al-bonfim-porto-oferta-escrituras\/C03-T1-Marques-150x150.jpg 150w, https:\/\/goldroof.pt\/wp-content\/uploads\/2021\/07\/apartamento-t2-mobilado-licenca-al-bonfim-porto-oferta-escrituras\/C03-T1-Marques-210x210.jpg 210w"},{"width":150,"height":150,"file":"2021\/07\/apartamento-t2-mobilado-licenca-al-bonfim-porto-oferta-escrituras\/C04-T1-Marques-scaled.jpg","sizes":{"medium":{"file":"C04-T1-Marques-300x169.jpg","width":300,"height":169,"mime-type":"image\/jpeg","url":"https:\/\/goldroof.pt\/wp-content\/uploads\/2021\/07\/apartamento-t2-mobilado-licenca-al-bonfim-porto-oferta-escrituras\/C04-T1-Marques-300x169.jpg"},"large":{"file":"C04-T1-Marques-1024x576.jpg","width":1024,"height":576,"mime-type":"image\/jpeg","url":"https:\/\/goldroof.pt\/wp-content\/uploads\/2021\/07\/apartamento-t2-mobilado-licenca-al-bonfim-porto-oferta-escrituras\/C04-T1-Marques-1024x576.jpg"},"thumbnail":{"file":"C04-T1-Marques-150x150.jpg","width":150,"height":150,"mime-type":"image\/jpeg","url":"https:\/\/goldroof.pt\/wp-content\/uploads\/2021\/07\/apartamento-t2-mobilado-licenca-al-bonfim-porto-oferta-escrituras\/C04-T1-Marques-150x150.jpg"},"medium_large":{"file":"C04-T1-Marques-768x432.jpg","width":768,"height":432,"mime-type":"image\/jpeg","url":"https:\/\/goldroof.pt\/wp-content\/uploads\/2021\/07\/apartamento-t2-mobilado-licenca-al-bonfim-porto-oferta-escrituras\/C04-T1-Marques-768x432.jpg"},"1536x1536":{"file":"C04-T1-Marques-1536x864.jpg","width":1536,"height":864,"mime-type":"image\/jpeg","url":"https:\/\/goldroof.pt\/wp-content\/uploads\/2021\/07\/apartamento-t2-mobilado-licenca-al-bonfim-porto-oferta-escrituras\/C04-T1-Marques-1536x864.jpg"},"2048x2048":{"file":"C04-T1-Marques-2048x1152.jpg","width":2048,"height":1152,"mime-type":"image\/jpeg","url":"https:\/\/goldroof.pt\/wp-content\/uploads\/2021\/07\/apartamento-t2-mobilado-licenca-al-bonfim-porto-oferta-escrituras\/C04-T1-Marques-2048x1152.jpg"},"post-thumbnail":{"file":"C04-T1-Marques-150x84.jpg","width":150,"height":84,"mime-type":"image\/jpeg","url":"https:\/\/goldroof.pt\/wp-content\/uploads\/2021\/07\/apartamento-t2-mobilado-licenca-al-bonfim-porto-oferta-escrituras\/C04-T1-Marques-150x84.jpg"},"modern-property-child-slider":{"file":"C04-T1-Marques-680x510.jpg","width":680,"height":510,"mime-type":"image\/jpeg","url":"https:\/\/goldroof.pt\/wp-content\/uploads\/2021\/07\/apartamento-t2-mobilado-licenca-al-bonfim-porto-oferta-escrituras\/C04-T1-Marques-680x510.jpg"},"property-thumb-image":{"file":"C04-T1-Marques-488x326.jpg","width":488,"height":326,"mime-type":"image\/jpeg","url":"https:\/\/goldroof.pt\/wp-content\/uploads\/2021\/07\/apartamento-t2-mobilado-licenca-al-bonfim-porto-oferta-escrituras\/C04-T1-Marques-488x326.jpg"},"property-detail-video-image":{"file":"C04-T1-Marques-818x417.jpg","width":818,"height":417,"mime-type":"image\/jpeg","url":"https:\/\/goldroof.pt\/wp-content\/uploads\/2021\/07\/apartamento-t2-mobilado-licenca-al-bonfim-porto-oferta-escrituras\/C04-T1-Marques-818x417.jpg"},"agent-image":{"file":"C04-T1-Marques-210x210.jpg","width":210,"height":210,"mime-type":"image\/jpeg","url":"https:\/\/goldroof.pt\/wp-content\/uploads\/2021\/07\/apartamento-t2-mobilado-licenca-al-bonfim-porto-oferta-escrituras\/C04-T1-Marques-210x210.jpg"},"partners-logo":{"file":"C04-T1-Marques-600x2592.jpg","width":600,"height":2592,"mime-type":"image\/jpeg","url":"https:\/\/goldroof.pt\/wp-content\/uploads\/2021\/07\/apartamento-t2-mobilado-licenca-al-bonfim-porto-oferta-escrituras\/C04-T1-Marques-600x2592.jpg"},"post-featured-image":{"file":"C04-T1-Marques-1240x720.jpg","width":1240,"height":720,"mime-type":"image\/jpeg","url":"https:\/\/goldroof.pt\/wp-content\/uploads\/2021\/07\/apartamento-t2-mobilado-licenca-al-bonfim-porto-oferta-escrituras\/C04-T1-Marques-1240x720.jpg"}},"image_meta":{"aperture":"3.5","credit":"JORGE OLIVEIRA","camera":"E-M10MarkII","caption":"T1 Marqu\u00eas","created_timestamp":"0","copyright":"GOLD ROOF RE&amp;F LDA","focal_length":"14","iso":"200","shutter_speed":"0.125","title":"T1 Marqu\u00eas","orientation":"0","keywords":[]},"original_image":"C04-T1-Marques.jpg","ID":"13652","name":"C04-T1-Marques-scaled.jpg","path":"\/home\/u836199612\/domains\/goldroof.pt\/public_html\/wp-content\/uploads\/2021\/07\/apartamento-t2-mobilado-licenca-al-bonfim-porto-oferta-escrituras\/C04-T1-Marques-scaled.jpg","url":"https:\/\/goldroof.pt\/wp-content\/uploads\/2021\/07\/apartamento-t2-mobilado-licenca-al-bonfim-porto-oferta-escrituras\/C04-T1-Marques-150x150.jpg","full_url":"https:\/\/goldroof.pt\/wp-content\/uploads\/2021\/07\/apartamento-t2-mobilado-licenca-al-bonfim-porto-oferta-escrituras\/C04-T1-Marques-scaled.jpg","title":"T1 Marqu\u00eas","caption":"T1 Marqu\u00eas","description":"","alt":"","srcset":"https:\/\/goldroof.pt\/wp-content\/uploads\/2021\/07\/apartamento-t2-mobilado-licenca-al-bonfim-porto-oferta-escrituras\/C04-T1-Marques-150x150.jpg 150w, https:\/\/goldroof.pt\/wp-content\/uploads\/2021\/07\/apartamento-t2-mobilado-licenca-al-bonfim-porto-oferta-escrituras\/C04-T1-Marques-210x210.jpg 210w"}],"REAL_HOMES_change_gallery_slider_type":"0","REAL_HOMES_gallery_slider_type":"thumb-on-right","inspiry_floor_plans":[{"inspiry_floor_plan_name":"Planta T2","inspiry_floor_plan_image":"https:\/\/goldroof.pt\/wp-content\/uploads\/2021\/07\/apartamento-t2-mobilado-licenca-al-bonfim-porto-oferta-escrituras\/Planta-T2-Marques-1-scaled.jpg"},{"inspiry_floor_plan_name":"Planta T2","inspiry_floor_plan_image":"https:\/\/goldroof.pt\/wp-content\/uploads\/2021\/07\/apartamento-t2-mobilado-licenca-al-bonfim-porto-oferta-escrituras\/Planta-T2-Marques-scaled.jpg"},{"inspiry_floor_plan_name":"Planta T1","inspiry_floor_plan_image":"https:\/\/goldroof.pt\/wp-content\/uploads\/2021\/07\/apartamento-t2-mobilado-licenca-al-bonfim-porto-oferta-escrituras\/planta-T1-Marques-opcao-scaled.jpg"}],"inspiry_video_group":[{"inspiry_video_group_title":"Appartement 2 chambres meubl\u00e9, licence touristique, Bonfim, Porto","inspiry_video_group_url":"https:\/\/youtu.be\/caJfGSn32Yc?rel=0&showinfo=0&autohide=1&controls=0"}],"REAL_HOMES_360_virtual_tour":"<iframe width=\"100%\" height=\"640\" style=\"width: 100%; height: 640px; border: none; max-width: 100%;\" frameborder=\"0\" allowfullscreen allow=\"xr-spatial-tracking; gyroscope; accelerometer\" scrolling=\"no\" src=\"https:\/\/kuula.co\/share\/collection\/7klFp?fs=1&vr=1&initload=0&autop=10&thumbs=1&inst=pt&info=1&logo=1\"><\/iframe>","REAL_HOMES_agent_display_option":"agent_info","REAL_HOMES_agents":["13508"],"REAL_HOMES_energy_class":"E","REAL_HOMES_energy_performance":"","REAL_HOMES_epc_current_rating":"","REAL_HOMES_epc_potential_rating":"","ere_property_schedule_tour":"","ere_property_schedule_time_slots":"","ere_property_schedule_description":"","REAL_HOMES_sticky":"0","inspiry_property_label":"VENDU","inspiry_property_label_color":"#d7a828","inspiry_property_tax":"","inspiry_additional_fee":"","REAL_HOMES_attachments":[],"inspiry_property_owner_name":"","inspiry_property_owner_contact":"","inspiry_property_owner_address":"","REAL_HOMES_property_private_note":"","inspiry_message_to_reviewer":"","REAL_HOMES_add_in_slider":"no","REAL_HOMES_slider_image":[{"width":150,"height":150,"file":"2021\/07\/apartamento-t2-mobilado-licenca-al-bonfim-porto-oferta-escrituras\/A05-T1-Marques-scaled.jpg","sizes":{"medium":{"file":"A05-T1-Marques-300x169.jpg","width":300,"height":169,"mime-type":"image\/jpeg","url":"https:\/\/goldroof.pt\/wp-content\/uploads\/2021\/07\/apartamento-t2-mobilado-licenca-al-bonfim-porto-oferta-escrituras\/A05-T1-Marques-300x169.jpg"},"large":{"file":"A05-T1-Marques-1024x576.jpg","width":1024,"height":576,"mime-type":"image\/jpeg","url":"https:\/\/goldroof.pt\/wp-content\/uploads\/2021\/07\/apartamento-t2-mobilado-licenca-al-bonfim-porto-oferta-escrituras\/A05-T1-Marques-1024x576.jpg"},"thumbnail":{"file":"A05-T1-Marques-150x150.jpg","width":150,"height":150,"mime-type":"image\/jpeg","url":"https:\/\/goldroof.pt\/wp-content\/uploads\/2021\/07\/apartamento-t2-mobilado-licenca-al-bonfim-porto-oferta-escrituras\/A05-T1-Marques-150x150.jpg"},"medium_large":{"file":"A05-T1-Marques-768x432.jpg","width":768,"height":432,"mime-type":"image\/jpeg","url":"https:\/\/goldroof.pt\/wp-content\/uploads\/2021\/07\/apartamento-t2-mobilado-licenca-al-bonfim-porto-oferta-escrituras\/A05-T1-Marques-768x432.jpg"},"1536x1536":{"file":"A05-T1-Marques-1536x864.jpg","width":1536,"height":864,"mime-type":"image\/jpeg","url":"https:\/\/goldroof.pt\/wp-content\/uploads\/2021\/07\/apartamento-t2-mobilado-licenca-al-bonfim-porto-oferta-escrituras\/A05-T1-Marques-1536x864.jpg"},"2048x2048":{"file":"A05-T1-Marques-2048x1152.jpg","width":2048,"height":1152,"mime-type":"image\/jpeg","url":"https:\/\/goldroof.pt\/wp-content\/uploads\/2021\/07\/apartamento-t2-mobilado-licenca-al-bonfim-porto-oferta-escrituras\/A05-T1-Marques-2048x1152.jpg"},"post-thumbnail":{"file":"A05-T1-Marques-150x84.jpg","width":150,"height":84,"mime-type":"image\/jpeg","url":"https:\/\/goldroof.pt\/wp-content\/uploads\/2021\/07\/apartamento-t2-mobilado-licenca-al-bonfim-porto-oferta-escrituras\/A05-T1-Marques-150x84.jpg"},"modern-property-child-slider":{"file":"A05-T1-Marques-680x510.jpg","width":680,"height":510,"mime-type":"image\/jpeg","url":"https:\/\/goldroof.pt\/wp-content\/uploads\/2021\/07\/apartamento-t2-mobilado-licenca-al-bonfim-porto-oferta-escrituras\/A05-T1-Marques-680x510.jpg"},"property-thumb-image":{"file":"A05-T1-Marques-488x326.jpg","width":488,"height":326,"mime-type":"image\/jpeg","url":"https:\/\/goldroof.pt\/wp-content\/uploads\/2021\/07\/apartamento-t2-mobilado-licenca-al-bonfim-porto-oferta-escrituras\/A05-T1-Marques-488x326.jpg"},"property-detail-video-image":{"file":"A05-T1-Marques-818x417.jpg","width":818,"height":417,"mime-type":"image\/jpeg","url":"https:\/\/goldroof.pt\/wp-content\/uploads\/2021\/07\/apartamento-t2-mobilado-licenca-al-bonfim-porto-oferta-escrituras\/A05-T1-Marques-818x417.jpg"},"agent-image":{"file":"A05-T1-Marques-210x210.jpg","width":210,"height":210,"mime-type":"image\/jpeg","url":"https:\/\/goldroof.pt\/wp-content\/uploads\/2021\/07\/apartamento-t2-mobilado-licenca-al-bonfim-porto-oferta-escrituras\/A05-T1-Marques-210x210.jpg"},"partners-logo":{"file":"A05-T1-Marques-600x2592.jpg","width":600,"height":2592,"mime-type":"image\/jpeg","url":"https:\/\/goldroof.pt\/wp-content\/uploads\/2021\/07\/apartamento-t2-mobilado-licenca-al-bonfim-porto-oferta-escrituras\/A05-T1-Marques-600x2592.jpg"},"post-featured-image":{"file":"A05-T1-Marques-1240x720.jpg","width":1240,"height":720,"mime-type":"image\/jpeg","url":"https:\/\/goldroof.pt\/wp-content\/uploads\/2021\/07\/apartamento-t2-mobilado-licenca-al-bonfim-porto-oferta-escrituras\/A05-T1-Marques-1240x720.jpg"}},"image_meta":{"aperture":"4","credit":"JORGE OLIVEIRA","camera":"E-M10MarkII","caption":"T1 Marqu\u00eas","created_timestamp":"0","copyright":"GOLD ROOF RE&amp;F LDA","focal_length":"14","iso":"200","shutter_speed":"0.01","title":"T1 Marqu\u00eas","orientation":"0","keywords":[]},"original_image":"A05-T1-Marques.jpg","ID":"13604","name":"A05-T1-Marques-scaled.jpg","path":"\/home\/u836199612\/domains\/goldroof.pt\/public_html\/wp-content\/uploads\/2021\/07\/apartamento-t2-mobilado-licenca-al-bonfim-porto-oferta-escrituras\/A05-T1-Marques-scaled.jpg","url":"https:\/\/goldroof.pt\/wp-content\/uploads\/2021\/07\/apartamento-t2-mobilado-licenca-al-bonfim-porto-oferta-escrituras\/A05-T1-Marques-150x150.jpg","full_url":"https:\/\/goldroof.pt\/wp-content\/uploads\/2021\/07\/apartamento-t2-mobilado-licenca-al-bonfim-porto-oferta-escrituras\/A05-T1-Marques-scaled.jpg","title":"T1 Marqu\u00eas","caption":"T1 Marqu\u00eas","description":"","alt":"","srcset":"https:\/\/goldroof.pt\/wp-content\/uploads\/2021\/07\/apartamento-t2-mobilado-licenca-al-bonfim-porto-oferta-escrituras\/A05-T1-Marques-150x150.jpg 150w, https:\/\/goldroof.pt\/wp-content\/uploads\/2021\/07\/apartamento-t2-mobilado-licenca-al-bonfim-porto-oferta-escrituras\/A05-T1-Marques-210x210.jpg 210w"}],"REAL_HOMES_page_banner_image":[{"width":150,"height":150,"file":"2021\/07\/apartamento-t2-mobilado-licenca-al-bonfim-porto-oferta-escrituras\/A07-T1-Marques-scaled.jpg","sizes":{"medium":{"file":"A07-T1-Marques-300x169.jpg","width":300,"height":169,"mime-type":"image\/jpeg","url":"https:\/\/goldroof.pt\/wp-content\/uploads\/2021\/07\/apartamento-t2-mobilado-licenca-al-bonfim-porto-oferta-escrituras\/A07-T1-Marques-300x169.jpg"},"large":{"file":"A07-T1-Marques-1024x576.jpg","width":1024,"height":576,"mime-type":"image\/jpeg","url":"https:\/\/goldroof.pt\/wp-content\/uploads\/2021\/07\/apartamento-t2-mobilado-licenca-al-bonfim-porto-oferta-escrituras\/A07-T1-Marques-1024x576.jpg"},"thumbnail":{"file":"A07-T1-Marques-150x150.jpg","width":150,"height":150,"mime-type":"image\/jpeg","url":"https:\/\/goldroof.pt\/wp-content\/uploads\/2021\/07\/apartamento-t2-mobilado-licenca-al-bonfim-porto-oferta-escrituras\/A07-T1-Marques-150x150.jpg"},"medium_large":{"file":"A07-T1-Marques-768x432.jpg","width":768,"height":432,"mime-type":"image\/jpeg","url":"https:\/\/goldroof.pt\/wp-content\/uploads\/2021\/07\/apartamento-t2-mobilado-licenca-al-bonfim-porto-oferta-escrituras\/A07-T1-Marques-768x432.jpg"},"1536x1536":{"file":"A07-T1-Marques-1536x864.jpg","width":1536,"height":864,"mime-type":"image\/jpeg","url":"https:\/\/goldroof.pt\/wp-content\/uploads\/2021\/07\/apartamento-t2-mobilado-licenca-al-bonfim-porto-oferta-escrituras\/A07-T1-Marques-1536x864.jpg"},"2048x2048":{"file":"A07-T1-Marques-2048x1152.jpg","width":2048,"height":1152,"mime-type":"image\/jpeg","url":"https:\/\/goldroof.pt\/wp-content\/uploads\/2021\/07\/apartamento-t2-mobilado-licenca-al-bonfim-porto-oferta-escrituras\/A07-T1-Marques-2048x1152.jpg"},"post-thumbnail":{"file":"A07-T1-Marques-150x84.jpg","width":150,"height":84,"mime-type":"image\/jpeg","url":"https:\/\/goldroof.pt\/wp-content\/uploads\/2021\/07\/apartamento-t2-mobilado-licenca-al-bonfim-porto-oferta-escrituras\/A07-T1-Marques-150x84.jpg"},"modern-property-child-slider":{"file":"A07-T1-Marques-680x510.jpg","width":680,"height":510,"mime-type":"image\/jpeg","url":"https:\/\/goldroof.pt\/wp-content\/uploads\/2021\/07\/apartamento-t2-mobilado-licenca-al-bonfim-porto-oferta-escrituras\/A07-T1-Marques-680x510.jpg"},"property-thumb-image":{"file":"A07-T1-Marques-488x326.jpg","width":488,"height":326,"mime-type":"image\/jpeg","url":"https:\/\/goldroof.pt\/wp-content\/uploads\/2021\/07\/apartamento-t2-mobilado-licenca-al-bonfim-porto-oferta-escrituras\/A07-T1-Marques-488x326.jpg"},"property-detail-video-image":{"file":"A07-T1-Marques-818x417.jpg","width":818,"height":417,"mime-type":"image\/jpeg","url":"https:\/\/goldroof.pt\/wp-content\/uploads\/2021\/07\/apartamento-t2-mobilado-licenca-al-bonfim-porto-oferta-escrituras\/A07-T1-Marques-818x417.jpg"},"agent-image":{"file":"A07-T1-Marques-210x210.jpg","width":210,"height":210,"mime-type":"image\/jpeg","url":"https:\/\/goldroof.pt\/wp-content\/uploads\/2021\/07\/apartamento-t2-mobilado-licenca-al-bonfim-porto-oferta-escrituras\/A07-T1-Marques-210x210.jpg"},"partners-logo":{"file":"A07-T1-Marques-600x2592.jpg","width":600,"height":2592,"mime-type":"image\/jpeg","url":"https:\/\/goldroof.pt\/wp-content\/uploads\/2021\/07\/apartamento-t2-mobilado-licenca-al-bonfim-porto-oferta-escrituras\/A07-T1-Marques-600x2592.jpg"},"post-featured-image":{"file":"A07-T1-Marques-1240x720.jpg","width":1240,"height":720,"mime-type":"image\/jpeg","url":"https:\/\/goldroof.pt\/wp-content\/uploads\/2021\/07\/apartamento-t2-mobilado-licenca-al-bonfim-porto-oferta-escrituras\/A07-T1-Marques-1240x720.jpg"}},"image_meta":{"aperture":"11","credit":"JORGE OLIVEIRA","camera":"E-M10MarkII","caption":"T1 Marqu\u00eas","created_timestamp":"0","copyright":"GOLD ROOF RE&amp;F LDA","focal_length":"33","iso":"200","shutter_speed":"0.0025","title":"T1 Marqu\u00eas","orientation":"0","keywords":[]},"original_image":"A07-T1-Marques.jpg","ID":"13610","name":"A07-T1-Marques-scaled.jpg","path":"\/home\/u836199612\/domains\/goldroof.pt\/public_html\/wp-content\/uploads\/2021\/07\/apartamento-t2-mobilado-licenca-al-bonfim-porto-oferta-escrituras\/A07-T1-Marques-scaled.jpg","url":"https:\/\/goldroof.pt\/wp-content\/uploads\/2021\/07\/apartamento-t2-mobilado-licenca-al-bonfim-porto-oferta-escrituras\/A07-T1-Marques-150x150.jpg","full_url":"https:\/\/goldroof.pt\/wp-content\/uploads\/2021\/07\/apartamento-t2-mobilado-licenca-al-bonfim-porto-oferta-escrituras\/A07-T1-Marques-scaled.jpg","title":"T1 Marqu\u00eas","caption":"T1 Marqu\u00eas","description":"","alt":"","srcset":"https:\/\/goldroof.pt\/wp-content\/uploads\/2021\/07\/apartamento-t2-mobilado-licenca-al-bonfim-porto-oferta-escrituras\/A07-T1-Marques-150x150.jpg 150w, https:\/\/goldroof.pt\/wp-content\/uploads\/2021\/07\/apartamento-t2-mobilado-licenca-al-bonfim-porto-oferta-escrituras\/A07-T1-Marques-210x210.jpg 210w"}],"REAL_HOMES_hide_property_advance_search":"0","REAL_HOMES_custom_header_display":"","REAL_HOMES_custom_header_position":"","REAL_HOMES_custom_footer_display":"","REAL_HOMES_hide_advance_search":"","REAL_HOMES_custom_search_form":"","REAL_HOMES_search_form_margin_top":"","REAL_HOMES_search_form_margin_bottom":""},"_links":{"self":[{"href":"https:\/\/goldroof.pt\/fr\/wp-json\/wp\/v2\/property\/13727","targetHints":{"allow":["GET"]}}],"collection":[{"href":"https:\/\/goldroof.pt\/fr\/wp-json\/wp\/v2\/property"}],"about":[{"href":"https:\/\/goldroof.pt\/fr\/wp-json\/wp\/v2\/types\/property"}],"author":[{"embeddable":true,"href":"https:\/\/goldroof.pt\/fr\/wp-json\/wp\/v2\/users\/1"}],"replies":[{"embeddable":true,"href":"https:\/\/goldroof.pt\/fr\/wp-json\/wp\/v2\/comments?post=13727"}],"version-history":[{"count":5,"href":"https:\/\/goldroof.pt\/fr\/wp-json\/wp\/v2\/property\/13727\/revisions"}],"predecessor-version":[{"id":15209,"href":"https:\/\/goldroof.pt\/fr\/wp-json\/wp\/v2\/property\/13727\/revisions\/15209"}],"wp:featuredmedia":[{"embeddable":true,"href":"https:\/\/goldroof.pt\/fr\/wp-json\/wp\/v2\/media\/13604"}],"wp:attachment":[{"href":"https:\/\/goldroof.pt\/fr\/wp-json\/wp\/v2\/media?parent=13727"}],"wp:term":[{"taxonomy":"property-feature","embeddable":true,"href":"https:\/\/goldroof.pt\/fr\/wp-json\/wp\/v2\/property-feature?post=13727"},{"taxonomy":"property-type","embeddable":true,"href":"https:\/\/goldroof.pt\/fr\/wp-json\/wp\/v2\/property-type?post=13727"},{"taxonomy":"property-city","embeddable":true,"href":"https:\/\/goldroof.pt\/fr\/wp-json\/wp\/v2\/property-city?post=13727"},{"taxonomy":"property-status","embeddable":true,"href":"https:\/\/goldroof.pt\/fr\/wp-json\/wp\/v2\/property-status?post=13727"}],"curies":[{"name":"wp","href":"https:\/\/api.w.org\/{rel}","templated":true}]}}